{"id":73004,"date":"2018-11-24T14:57:58","date_gmt":"2018-11-24T14:57:58","guid":{"rendered":"http:\/\/www.rigasacappellafestivals.lv\/?page_id=73004"},"modified":"2025-09-04T15:27:05","modified_gmt":"2025-09-04T15:27:05","slug":"rigas-a-cappella-festivals-2019","status":"publish","type":"page","link":"https:\/\/www.rigasacappellafestivals.lv\/en\/rigas-a-cappella-festivals-2019\/","title":{"rendered":"R\u012bgas A Cappella festiv\u0101ls &#8211; no video"},"content":{"rendered":"<div class=\"wpb-content-wrapper\"><div data-parent=\"true\" class=\"vc_row style-color-xsdn-bg row-container with-parallax onepage-section mobile-hidden\" data-label=\"The Swingles\" data-name=\"the-swingles\" id=\"row-unique-0\"><div class=\"row-background background-element\">\n\t\t\t\t\t\t\t\t\t\t\t<div class=\"background-wrapper\">\n\t\t\t\t\t\t\t\t\t\t\t\t<div class=\"background-inner\" style=\"background-image: url(https:\/\/www.rigasacappellafestivals.lv\/wp-content\/uploads\/2025\/03\/Latvian-Voices_fotoKasparsTeilans.jpeg);background-repeat: no-repeat;background-position: center center;background-size: cover;\"><\/div>\n\t\t\t\t\t\t\t\t\t\t\t\t<div class=\"block-bg-overlay style-overlay_color-453058-bg\" style=\"opacity: 0.7;\"><\/div>\n\t\t\t\t\t\t\t\t\t\t\t<\/div>\n\t\t\t\t\t\t\t\t\t\t<\/div><div class=\"row unequal col-no-gutter no-top-padding no-bottom-padding no-h-padding full-width row-parent\" data-height-ratio=\"full\" data-minheight=\"400\"><div class=\"wpb_row row-inner\"><div class=\"wpb_column pos-bottom pos-center align_left column_parent col-lg-6 half-internal-gutter\"><div class=\"uncol style-dark animate_when_almost_visible bottom-t-top\"  data-delay=\"400\"><div class=\"uncoltable\"><div class=\"uncell quad-block-padding\" ><div class=\"uncont\" style=\" max-width:420px;\" ><div class=\"vc_custom_heading_wrap\"><div class=\"heading-text el-text\" ><h5 class=\"font-377884 h2 fontheight-179065 font-weight-400 text-uppercase\" ><span>08. 11. 2025.<br \/><\/span><span>19. 00<\/span><\/h5><\/div><div class=\"clear\"><\/div><\/div><div class=\"empty-space empty-single\" ><span class=\"empty-space-inner\"><\/span><\/div>\n<div class=\"vc_custom_heading_wrap\"><div class=\"heading-text el-text\" ><h2 class=\"font-156269 fontsize-338686 font-weight-600 text-uppercase\" ><span>LATVIAN VOICES<\/span><\/h2><\/div><div class=\"clear\"><\/div><\/div><div class=\"divider-wrapper\"  >\n    <hr class=\"border-color-wvjs-color separator-no-padding\"  style=\"width: 100%;border-top-width: 1px;\" \/>\n<\/div>\n<div class=\"vc_custom_heading_wrap\"><div class=\"heading-text el-text\" ><h5 class=\"font-377884 h5 fontheight-357766 font-weight-400\" ><span>LOVE <span class=\"s1\">IR&#8230;<\/span><\/p><\/span><span><p>LATVIAN VOICES special concert about <span class=\"s1\">love. Together with<\/span> world-famous and popular songs.<\/span><\/h5><\/div><div class=\"clear\"><\/div><\/div><div class=\"empty-space empty-single\" ><span class=\"empty-space-inner\"><\/span><\/div>\n<div class=\"vc_custom_heading_wrap\"><div class=\"heading-text el-text\" ><h5 class=\"font-377884 h5 font-weight-400 text-uppercase\" ><span>Hangar Concert Hall<\/span><\/h5><\/div><div class=\"clear\"><\/div><\/div><div class=\"empty-space empty-quart\" ><span class=\"empty-space-inner\"><\/span><\/div>\n<div class=\"empty-space empty-single\" ><span class=\"empty-space-inner\"><\/span><\/div>\n<span class=\"btn-container\" ><a role=\"button\"  href=\"https:\/\/www.rigasacappellafestivals.lv\/en\/biletes-latvian-voices\/\" class=\"custom-link btn border-width-0 btn-default btn-square btn-outline btn-icon-left btn-ripple-out btn-border-animated\" title=\"Tickets\">Tickets<\/a><\/span><\/div><\/div><\/div><\/div><\/div><div class=\"wpb_column pos-middle pos-center align_right column_parent col-lg-6 single-internal-gutter\"><div class=\"uncol style-light\"  ><div class=\"uncoltable\"><div class=\"uncell no-block-padding\" ><div class=\"uncont\" ><\/div><\/div><\/div><\/div><\/div><script id=\"script-row-unique-0\" data-row=\"script-row-unique-0\" type=\"text\/javascript\" class=\"vc_controls\">UNCODE.initRow(document.getElementById(\"row-unique-0\"));<\/script><\/div><\/div><\/div><div data-parent=\"true\" class=\"vc_row style-color-xsdn-bg row-container with-parallax onepage-section mobile-hidden\" data-label=\"The Swingles\" data-name=\"the-swingles\" id=\"row-unique-1\"><div class=\"row-background background-element\">\n\t\t\t\t\t\t\t\t\t\t\t<div class=\"background-wrapper\">\n\t\t\t\t\t\t\t\t\t\t\t\t<div class=\"background-inner\" style=\"background-image: url(https:\/\/www.rigasacappellafestivals.lv\/wp-content\/uploads\/2024\/12\/VOCES8-2-credit-Andy-Staples-2048x1368-1.jpg);background-repeat: no-repeat;background-position: center center;background-size: cover;\"><\/div>\n\t\t\t\t\t\t\t\t\t\t\t\t<div class=\"block-bg-overlay style-overlay_color-112119-bg\" style=\"opacity: 0.7;\"><\/div>\n\t\t\t\t\t\t\t\t\t\t\t<\/div>\n\t\t\t\t\t\t\t\t\t\t<\/div><div class=\"row unequal col-no-gutter no-top-padding no-bottom-padding no-h-padding full-width row-parent\" data-height-ratio=\"full\" data-minheight=\"400\"><div class=\"wpb_row row-inner\"><div class=\"wpb_column pos-bottom pos-center align_left column_parent col-lg-6 half-internal-gutter\"><div class=\"uncol style-dark animate_when_almost_visible bottom-t-top\"  data-delay=\"400\"><div class=\"uncoltable\"><div class=\"uncell quad-block-padding\" ><div class=\"uncont\" style=\" max-width:420px;\" ><div class=\"vc_custom_heading_wrap\"><div class=\"heading-text el-text\" ><h5 class=\"font-377884 h2 fontheight-179065 font-weight-400 text-uppercase\" ><span>12. 11. 2025.<br \/><\/span><span>19. 00<\/span><\/h5><\/div><div class=\"clear\"><\/div><\/div><div class=\"empty-space empty-single\" ><span class=\"empty-space-inner\"><\/span><\/div>\n<div class=\"vc_custom_heading_wrap\"><div class=\"heading-text el-text\" ><h2 class=\"font-156269 fontsize-338686 font-weight-600 text-uppercase\" ><span>VOCES8<\/span><\/h2><\/div><div class=\"clear\"><\/div><\/div><div class=\"divider-wrapper\"  >\n    <hr class=\"border-color-wvjs-color separator-no-padding\"  style=\"width: 100%;border-top-width: 1px;\" \/>\n<\/div>\n<div class=\"vc_custom_heading_wrap\"><div class=\"heading-text el-text\" ><h5 class=\"font-377884 h5 fontheight-357766 font-weight-400\" ><span>VOCES8: TWENTY!<\/p><\/span><span><p>VOCES8 is one of the world's greatest ensembles and has won wide acclaim around the world for its impeccable sound. VOCES8 will present a unique concert celebrating its 20th anniversary in a programme specially created for the festival.<\/span><\/h5><\/div><div class=\"clear\"><\/div><\/div><div class=\"empty-space empty-single\" ><span class=\"empty-space-inner\"><\/span><\/div>\n<div class=\"vc_custom_heading_wrap\"><div class=\"heading-text el-text\" ><h5 class=\"font-377884 h5 font-weight-400 text-uppercase\" ><span>Small Guild<\/span><\/h5><\/div><div class=\"clear\"><\/div><\/div><div class=\"empty-space empty-quart\" ><span class=\"empty-space-inner\"><\/span><\/div>\n<div class=\"empty-space empty-single\" ><span class=\"empty-space-inner\"><\/span><\/div>\n<span class=\"btn-container\" ><a role=\"button\"  href=\"https:\/\/www.rigasacappellafestivals.lv\/en\/biletes-voces8\/\" class=\"custom-link btn border-width-0 btn-default btn-square btn-outline btn-icon-left btn-ripple-out btn-border-animated\" title=\"voces\">Tickets<\/a><\/span><\/div><\/div><\/div><\/div><\/div><div class=\"wpb_column pos-middle pos-center align_right column_parent col-lg-6 single-internal-gutter\"><div class=\"uncol style-light\"  ><div class=\"uncoltable\"><div class=\"uncell no-block-padding\" ><div class=\"uncont\" ><\/div><\/div><\/div><\/div><\/div><script id=\"script-row-unique-1\" data-row=\"script-row-unique-1\" type=\"text\/javascript\" class=\"vc_controls\">UNCODE.initRow(document.getElementById(\"row-unique-1\"));<\/script><\/div><\/div><\/div><div data-parent=\"true\" class=\"vc_row style-color-xsdn-bg row-container with-parallax onepage-section mobile-hidden\" data-label=\"The Swingles\" data-name=\"the-swingles\" id=\"row-unique-2\"><div class=\"row-background background-element\">\n\t\t\t\t\t\t\t\t\t\t\t<div class=\"background-wrapper\">\n\t\t\t\t\t\t\t\t\t\t\t\t<div class=\"background-inner\" style=\"background-image: url(https:\/\/www.rigasacappellafestivals.lv\/wp-content\/uploads\/2025\/04\/1000x620_jpg.jpg);background-repeat: no-repeat;background-position: center center;background-size: cover;\"><\/div>\n\t\t\t\t\t\t\t\t\t\t\t\t<div class=\"block-bg-overlay style-overlay_color-186336-bg\" style=\"opacity: 0.7;\"><\/div>\n\t\t\t\t\t\t\t\t\t\t\t<\/div>\n\t\t\t\t\t\t\t\t\t\t<\/div><div class=\"row unequal col-no-gutter no-top-padding no-bottom-padding no-h-padding full-width row-parent\" data-height-ratio=\"full\" data-minheight=\"400\"><div class=\"wpb_row row-inner\"><div class=\"wpb_column pos-bottom pos-center align_left column_parent col-lg-6 half-internal-gutter\"><div class=\"uncol style-dark animate_when_almost_visible bottom-t-top\"  data-delay=\"400\"><div class=\"uncoltable\"><div class=\"uncell quad-block-padding\" ><div class=\"uncont\" style=\" max-width:420px;\" ><div class=\"vc_custom_heading_wrap\"><div class=\"heading-text el-text\" ><h5 class=\"font-377884 h2 fontheight-179065 font-weight-400 text-uppercase\" ><span>15. 11. 2025.<br \/><\/span><span>18. 00<\/span><\/h5><\/div><div class=\"clear\"><\/div><\/div><div class=\"empty-space empty-single\" ><span class=\"empty-space-inner\"><\/span><\/div>\n<div class=\"vc_custom_heading_wrap\"><div class=\"heading-text el-text\" ><h2 class=\"font-156269 fontsize-338686 font-weight-600 text-uppercase\" ><span>KAM\u0112R&#8230;<\/span><\/h2><\/div><div class=\"clear\"><\/div><\/div><div class=\"divider-wrapper\"  >\n    <hr class=\"border-color-wvjs-color separator-no-padding\"  style=\"width: 100%;border-top-width: 1px;\" \/>\n<\/div>\n<div class=\"vc_custom_heading_wrap\"><div class=\"heading-text el-text\" ><h5 class=\"font-377884 h5 fontheight-357766 font-weight-400\" ><span>FORCE OF ATTRACTION<\/p><\/span><span><p>The choir \"Kam\u0113r...\" is a constant inspiration and this year celebrates its 35th anniversary. In the sound of \"Kam\u0113r...\", every piece, every performance is not only a quest for excellence and the emotion of the moment, but also the story of the choir and each singer, which culminates in the quality of the performance.<\/span><\/h5><\/div><div class=\"clear\"><\/div><\/div><div class=\"empty-space empty-single\" ><span class=\"empty-space-inner\"><\/span><\/div>\n<div class=\"vc_custom_heading_wrap\"><div class=\"heading-text el-text\" ><h5 class=\"font-377884 h5 font-weight-400 text-uppercase\" ><span>Coming soon<\/span><\/h5><\/div><div class=\"clear\"><\/div><\/div><div class=\"empty-space empty-quart\" ><span class=\"empty-space-inner\"><\/span><\/div>\n<div class=\"empty-space empty-single\" ><span class=\"empty-space-inner\"><\/span><\/div>\n<span class=\"btn-container\" ><a role=\"button\"  href=\"https:\/\/www.facebook.com\/rigasacappellafestivals\" class=\"custom-link btn border-width-0 btn-default btn-square btn-outline btn-icon-left btn-ripple-out btn-border-animated\" target=\"_blank\">Tickets coming soon<\/a><\/span><\/div><\/div><\/div><\/div><\/div><div class=\"wpb_column pos-middle pos-center align_right column_parent col-lg-6 single-internal-gutter\"><div class=\"uncol style-light\"  ><div class=\"uncoltable\"><div class=\"uncell no-block-padding\" ><div class=\"uncont\" ><\/div><\/div><\/div><\/div><\/div><script id=\"script-row-unique-2\" data-row=\"script-row-unique-2\" type=\"text\/javascript\" class=\"vc_controls\">UNCODE.initRow(document.getElementById(\"row-unique-2\"));<\/script><\/div><\/div><\/div><div data-parent=\"true\" class=\"vc_row style-color-xsdn-bg row-container onepage-section desktop-hidden tablet-hidden\" data-label=\"The Swingles\" data-name=\"the-swingles\" id=\"row-unique-3\"><div class=\"row-background background-element\">\n\t\t\t\t\t\t\t\t\t\t\t<div class=\"background-wrapper\">\n\t\t\t\t\t\t\t\t\t\t\t\t<div class=\"background-inner\" style=\"background-image: url(https:\/\/www.rigasacappellafestivals.lv\/wp-content\/uploads\/2025\/03\/Latvian-Voices_fotoKasparsTeilans.jpeg);background-repeat: no-repeat;background-position: center center;background-attachment: scroll;background-size: cover;\"><\/div>\n\t\t\t\t\t\t\t\t\t\t\t\t<div class=\"block-bg-overlay style-color-jevc-bg\" style=\"opacity: 0.55;\"><\/div>\n\t\t\t\t\t\t\t\t\t\t\t<\/div>\n\t\t\t\t\t\t\t\t\t\t<\/div><div class=\"row unequal col-no-gutter no-top-padding no-bottom-padding no-h-padding full-width row-parent\" data-height-ratio=\"full\" data-minheight=\"400\"><div class=\"wpb_row row-inner\"><div class=\"wpb_column pos-bottom pos-center align_left column_parent col-lg-12 half-internal-gutter\"><div class=\"uncol style-dark animate_when_almost_visible bottom-t-top\"  data-delay=\"400\"><div class=\"uncoltable\"><div class=\"uncell\" ><div class=\"uncont quad-block-padding col-custom-width\" style=\" max-width:804px;\" ><div class=\"vc_custom_heading_wrap\"><div class=\"heading-text el-text\" ><h5 class=\"font-377884 h3 fontheight-179065 font-weight-400 text-uppercase\" ><span>08 .11. 2025.<br \/><\/span><span>19. 00<\/span><\/h5><\/div><div class=\"clear\"><\/div><\/div><div class=\"empty-space empty-single\" ><span class=\"empty-space-inner\"><\/span><\/div>\n<div class=\"vc_custom_heading_wrap\"><div class=\"heading-text el-text\" ><h2 class=\"font-156269 fontsize-338686 font-weight-600 text-uppercase\" ><span>LATVIAN VOICES<\/span><\/h2><\/div><div class=\"clear\"><\/div><\/div><div class=\"divider-wrapper\"  >\n    <hr class=\"border-color-wvjs-color separator-no-padding\"  style=\"width: 100%;border-top-width: 1px;\" \/>\n<\/div>\n<div class=\"vc_custom_heading_wrap\"><div class=\"heading-text el-text\" ><h5 class=\"font-377884 h5 fontheight-357766 font-weight-400\" ><span>LOVE <span class=\"s1\">IR&#8230;<\/span><\/p><\/span><span><p>LATVIAN VOICES special concert about <span class=\"s1\">love. Together with<\/span> world-famous and popular songs.<\/span><\/h5><\/div><div class=\"clear\"><\/div><\/div><div class=\"empty-space empty-half\" ><span class=\"empty-space-inner\"><\/span><\/div>\n<div class=\"vc_custom_heading_wrap\"><div class=\"heading-text el-text\" ><h4 class=\"font-377884 h5 font-weight-400 text-uppercase\" ><span>Hangar Concert Hall<\/span><\/h4><\/div><div class=\"clear\"><\/div><\/div><div class=\"empty-space empty-quart\" ><span class=\"empty-space-inner\"><\/span><\/div>\n<div class=\"empty-space empty-half\" ><span class=\"empty-space-inner\"><\/span><\/div>\n<span class=\"btn-container\" ><a role=\"button\"  href=\"https:\/\/www.rigasacappellafestivals.lv\/en\/biletes-latvian-voices\/\" class=\"custom-link btn border-width-0 btn-default btn-square btn-outline btn-icon-left btn-ripple-out btn-border-animated\" title=\"Tickets\">Tickets<\/a><\/span><\/div><\/div><\/div><\/div><\/div><script id=\"script-row-unique-3\" data-row=\"script-row-unique-3\" type=\"text\/javascript\" class=\"vc_controls\">UNCODE.initRow(document.getElementById(\"row-unique-3\"));<\/script><\/div><\/div><\/div><div data-parent=\"true\" class=\"vc_row style-color-xsdn-bg row-container onepage-section desktop-hidden tablet-hidden\" data-label=\"The Swingles\" data-name=\"the-swingles\" id=\"row-unique-4\"><div class=\"row-background background-element\">\n\t\t\t\t\t\t\t\t\t\t\t<div class=\"background-wrapper\">\n\t\t\t\t\t\t\t\t\t\t\t\t<div class=\"background-inner\" style=\"background-image: url(https:\/\/www.rigasacappellafestivals.lv\/wp-content\/uploads\/2024\/12\/VOCES8-2-credit-Andy-Staples-2048x1368-1.jpg);background-repeat: no-repeat;background-position: center center;background-attachment: scroll;background-size: cover;\"><\/div>\n\t\t\t\t\t\t\t\t\t\t\t\t<div class=\"block-bg-overlay style-color-jevc-bg\" style=\"opacity: 0.55;\"><\/div>\n\t\t\t\t\t\t\t\t\t\t\t<\/div>\n\t\t\t\t\t\t\t\t\t\t<\/div><div class=\"row unequal col-no-gutter no-top-padding no-bottom-padding no-h-padding full-width row-parent\" data-height-ratio=\"full\" data-minheight=\"400\"><div class=\"wpb_row row-inner\"><div class=\"wpb_column pos-bottom pos-center align_left column_parent col-lg-12 half-internal-gutter\"><div class=\"uncol style-dark animate_when_almost_visible bottom-t-top\"  data-delay=\"400\"><div class=\"uncoltable\"><div class=\"uncell\" ><div class=\"uncont quad-block-padding col-custom-width\" style=\" max-width:804px;\" ><div class=\"vc_custom_heading_wrap\"><div class=\"heading-text el-text\" ><h5 class=\"font-377884 h3 fontheight-179065 font-weight-400 text-uppercase\" ><span>12 .11. 2025.<br \/><\/span><span>19. 00<\/span><\/h5><\/div><div class=\"clear\"><\/div><\/div><div class=\"empty-space empty-single\" ><span class=\"empty-space-inner\"><\/span><\/div>\n<div class=\"vc_custom_heading_wrap\"><div class=\"heading-text el-text\" ><h2 class=\"font-156269 fontsize-338686 font-weight-600 text-uppercase\" ><span>VOCES8<\/span><\/h2><\/div><div class=\"clear\"><\/div><\/div><div class=\"divider-wrapper\"  >\n    <hr class=\"border-color-wvjs-color separator-no-padding\"  style=\"width: 100%;border-top-width: 1px;\" \/>\n<\/div>\n<div class=\"vc_custom_heading_wrap\"><div class=\"heading-text el-text\" ><h5 class=\"font-377884 h5 fontheight-357766 font-weight-400\" ><span>VOCES8: TWENTY!<\/p><\/span><span><p>VOCES8 is one of the world's greatest ensembles and has won wide acclaim around the world for its impeccable sound. VOCES8 will present a unique concert celebrating its 20th anniversary in a programme specially created for the festival.<\/span><\/h5><\/div><div class=\"clear\"><\/div><\/div><div class=\"empty-space empty-half\" ><span class=\"empty-space-inner\"><\/span><\/div>\n<div class=\"vc_custom_heading_wrap\"><div class=\"heading-text el-text\" ><h4 class=\"font-377884 h5 font-weight-400 text-uppercase\" ><span>Small Guild<\/span><\/h4><\/div><div class=\"clear\"><\/div><\/div><div class=\"empty-space empty-quart\" ><span class=\"empty-space-inner\"><\/span><\/div>\n<div class=\"empty-space empty-half\" ><span class=\"empty-space-inner\"><\/span><\/div>\n<span class=\"btn-container\" ><a role=\"button\"  href=\"https:\/\/www.rigasacappellafestivals.lv\/en\/biletes-voces8\/\" class=\"custom-link btn border-width-0 btn-default btn-square btn-outline btn-icon-left btn-ripple-out btn-border-animated\" title=\"Tickets\">Tickets<\/a><\/span><\/div><\/div><\/div><\/div><\/div><script id=\"script-row-unique-4\" data-row=\"script-row-unique-4\" type=\"text\/javascript\" class=\"vc_controls\">UNCODE.initRow(document.getElementById(\"row-unique-4\"));<\/script><\/div><\/div><\/div><div data-parent=\"true\" class=\"vc_row style-color-xsdn-bg row-container onepage-section desktop-hidden tablet-hidden\" data-label=\"The Swingles\" data-name=\"the-swingles\" id=\"row-unique-5\"><div class=\"row-background background-element\">\n\t\t\t\t\t\t\t\t\t\t\t<div class=\"background-wrapper\">\n\t\t\t\t\t\t\t\t\t\t\t\t<div class=\"background-inner\" style=\"background-image: url(https:\/\/www.rigasacappellafestivals.lv\/wp-content\/uploads\/2025\/04\/1000x620_jpg.jpg);background-repeat: no-repeat;background-position: center center;background-attachment: scroll;background-size: cover;\"><\/div>\n\t\t\t\t\t\t\t\t\t\t\t\t<div class=\"block-bg-overlay style-color-jevc-bg\" style=\"opacity: 0.55;\"><\/div>\n\t\t\t\t\t\t\t\t\t\t\t<\/div>\n\t\t\t\t\t\t\t\t\t\t<\/div><div class=\"row unequal col-no-gutter no-top-padding no-bottom-padding no-h-padding full-width row-parent\" data-height-ratio=\"full\" data-minheight=\"400\"><div class=\"wpb_row row-inner\"><div class=\"wpb_column pos-bottom pos-center align_left column_parent col-lg-12 half-internal-gutter\"><div class=\"uncol style-dark animate_when_almost_visible bottom-t-top\"  data-delay=\"400\"><div class=\"uncoltable\"><div class=\"uncell\" ><div class=\"uncont quad-block-padding col-custom-width\" style=\" max-width:804px;\" ><div class=\"vc_custom_heading_wrap\"><div class=\"heading-text el-text\" ><h5 class=\"font-377884 h3 fontheight-179065 font-weight-400 text-uppercase\" ><span>15 .11. 2025.<br \/><\/span><span>18. 00<\/span><\/h5><\/div><div class=\"clear\"><\/div><\/div><div class=\"empty-space empty-single\" ><span class=\"empty-space-inner\"><\/span><\/div>\n<div class=\"vc_custom_heading_wrap\"><div class=\"heading-text el-text\" ><h2 class=\"font-156269 fontsize-338686 font-weight-600 text-uppercase\" ><span>KAM\u0112R&#8230;<\/span><\/h2><\/div><div class=\"clear\"><\/div><\/div><div class=\"divider-wrapper\"  >\n    <hr class=\"border-color-wvjs-color separator-no-padding\"  style=\"width: 100%;border-top-width: 1px;\" \/>\n<\/div>\n<div class=\"vc_custom_heading_wrap\"><div class=\"heading-text el-text\" ><h5 class=\"font-377884 h5 fontheight-357766 font-weight-400\" ><span>FORCE OF ATTRACTION<\/p><\/span><span><p>The choir \"Kam\u0113r...\" is a constant inspiration and this year celebrates its 35th anniversary. In the sound of \"Kam\u0113r...\", every piece, every performance is not only a quest for excellence and the emotion of the moment, but also the story of the choir and each singer, which culminates in the quality of the performance.<\/span><\/h5><\/div><div class=\"clear\"><\/div><\/div><div class=\"empty-space empty-half\" ><span class=\"empty-space-inner\"><\/span><\/div>\n<div class=\"vc_custom_heading_wrap\"><div class=\"heading-text el-text\" ><h4 class=\"font-377884 h5 font-weight-400 text-uppercase\" ><span>Coming soon<\/span><\/h4><\/div><div class=\"clear\"><\/div><\/div><div class=\"empty-space empty-quart\" ><span class=\"empty-space-inner\"><\/span><\/div>\n<div class=\"empty-space empty-half\" ><span class=\"empty-space-inner\"><\/span><\/div>\n<span class=\"btn-container\" ><a role=\"button\"  href=\"https:\/\/www.facebook.com\/rigasacappellafestivals\/\" class=\"custom-link btn border-width-0 btn-default btn-square btn-outline btn-icon-left btn-ripple-out btn-border-animated\" target=\"_blank\">Tickets coming soon<\/a><\/span><\/div><\/div><\/div><\/div><\/div><script id=\"script-row-unique-5\" data-row=\"script-row-unique-5\" type=\"text\/javascript\" class=\"vc_controls\">UNCODE.initRow(document.getElementById(\"row-unique-5\"));<\/script><\/div><\/div><\/div><div data-parent=\"true\" class=\"vc_row style-color-xsdn-bg row-container onepage-section desktop-hidden tablet-hidden mobile-hidden\" data-label=\"The Swingles\" data-name=\"the-swingles\" id=\"row-unique-6\"><div class=\"row-background background-element\">\n\t\t\t\t\t\t\t\t\t\t\t<div class=\"background-wrapper\">\n\t\t\t\t\t\t\t\t\t\t\t\t<div class=\"background-inner\" style=\"background-image: url(https:\/\/www.rigasacappellafestivals.lv\/wp-content\/uploads\/2021\/12\/racf2022.png);background-repeat: no-repeat;background-position: center center;background-attachment: scroll;background-size: cover;\"><\/div>\n\t\t\t\t\t\t\t\t\t\t\t\t<div class=\"block-bg-overlay style-color-jevc-bg\" style=\"opacity: 0.55;\"><\/div>\n\t\t\t\t\t\t\t\t\t\t\t<\/div>\n\t\t\t\t\t\t\t\t\t\t<\/div><div class=\"row unequal col-no-gutter no-top-padding no-bottom-padding no-h-padding full-width row-parent\" data-height-ratio=\"full\" data-minheight=\"400\"><div class=\"wpb_row row-inner\"><div class=\"wpb_column pos-middle pos-center align_right column_parent col-lg-6 single-internal-gutter\"><div class=\"uncol style-light\"  ><div class=\"uncoltable\"><div class=\"uncell no-block-padding\" ><div class=\"uncont\" ><\/div><\/div><\/div><\/div><\/div><script id=\"script-row-unique-6\" data-row=\"script-row-unique-6\" type=\"text\/javascript\" class=\"vc_controls\">UNCODE.initRow(document.getElementById(\"row-unique-6\"));<\/script><\/div><\/div><\/div><div data-parent=\"true\" class=\"vc_row inverted-device-order row-container\" id=\"row-unique-7\"><div class=\"row-background background-element\">\n\t\t\t\t\t\t\t\t\t\t\t<div class=\"background-wrapper\">\n\t\t\t\t\t\t\t\t\t\t\t\t<div class=\"background-inner\" style=\"background-image: url(https:\/\/www.rigasacappellafestivals.lv\/wp-content\/uploads\/2021\/12\/racf2022.png);background-repeat: no-repeat;background-position: center center;background-attachment: scroll;background-size: cover;\"><\/div>\n\t\t\t\t\t\t\t\t\t\t\t\t\n\t\t\t\t\t\t\t\t\t\t\t<\/div>\n\t\t\t\t\t\t\t\t\t\t<\/div><div class=\"row limit-width row-parent\" data-height-ratio=\"full\" data-minheight=\"400\"><div class=\"wpb_row row-inner\"><div class=\"wpb_column pos-top pos-center align_left column_parent col-lg-12 single-internal-gutter\"><div class=\"uncol style-light\"  ><div class=\"uncoltable\"><div class=\"uncell no-block-padding\" ><div class=\"uncont\" ><\/div><\/div><\/div><\/div><\/div><script id=\"script-row-unique-7\" data-row=\"script-row-unique-7\" type=\"text\/javascript\" class=\"vc_controls\">UNCODE.initRow(document.getElementById(\"row-unique-7\"));<\/script><\/div><\/div><\/div><div data-parent=\"true\" class=\"vc_row style-color-jevc-bg row-container\" id=\"row-unique-8\"><div class=\"row double-top-padding double-bottom-padding single-h-padding limit-width row-parent\" data-height-ratio=\"3\"><div class=\"wpb_row row-inner\"><div class=\"wpb_column pos-middle pos-center align_center column_parent col-lg-12 single-internal-gutter\"><div class=\"uncol style-light\"  ><div class=\"uncoltable\"><div class=\"uncell no-block-padding\" ><div class=\"uncont\" ><div class=\"un-media-gallery owl-carousel-wrapper\">\n\t\t\n\t\n\t<div class=\"owl-carousel-container owl-carousel-loading half-gutter\" >\n\t\t\t\t\t\t\t\t\t<div id=\"gallery-85457\" class=\"owl-carousel owl-element owl-valign-middle owl-height-auto style-color-jevc-bg\" data-loop=\"true\" data-navmobile=\"false\" data-navspeed=\"400\" data-autoplay=\"true\" data-timeout=\"3000\" data-stagepadding=\"0\" data-lg=\"3\" data-md=\"3\" data-sm=\"3\">\n<div class=\"tmb tmb-carousel tmb-iso-h4 tmb-light tmb-overlay-top tmb-overlay-text-left tmb-id-80177  tmb-media-first tmb-media-last tmb-content-overlay tmb-no-bg\" ><div class=\"t-inside animate_when_almost_visible zoom-in\" ><div class=\"t-entry-visual\"><div class=\"t-entry-visual-tc\"><div class=\"t-entry-visual-cont\"><div class=\"dummy\" style=\"padding-top: 46.7%;\"><\/div><a  class=\"inactive-link pushed\" data-lb-index=\"0\"><div class=\"t-entry-visual-overlay\"><div class=\"t-entry-visual-overlay-in style-dark-bg\" style=\"opacity: 0.5;\"><\/div><\/div><img decoding=\"async\" class=\"wp-image-80177\" src=\"https:\/\/www.rigasacappellafestivals.lv\/wp-content\/uploads\/2024\/09\/Imagine-Logo.png\" width=\"852\" height=\"398\" alt=\"\" srcset=\"https:\/\/www.rigasacappellafestivals.lv\/wp-content\/uploads\/2024\/09\/Imagine-Logo.png 852w, https:\/\/www.rigasacappellafestivals.lv\/wp-content\/uploads\/2024\/09\/Imagine-Logo-300x140.png 300w, https:\/\/www.rigasacappellafestivals.lv\/wp-content\/uploads\/2024\/09\/Imagine-Logo-768x359.png 768w, https:\/\/www.rigasacappellafestivals.lv\/wp-content\/uploads\/2024\/09\/Imagine-Logo-350x163.png 350w, https:\/\/www.rigasacappellafestivals.lv\/wp-content\/uploads\/2024\/09\/Imagine-Logo-uai-720x336.png 720w\" sizes=\"(max-width: 852px) 100vw, 852px\" \/><\/a><\/div>\n\t\t\t\t\t<\/div>\n\t\t\t\t<\/div><\/div><\/div><div class=\"tmb tmb-carousel tmb-iso-h4 tmb-light tmb-overlay-top tmb-overlay-text-left tmb-id-80178  tmb-media-first tmb-media-last tmb-content-overlay tmb-no-bg\" ><div class=\"t-inside animate_when_almost_visible zoom-in\" ><div class=\"t-entry-visual\"><div class=\"t-entry-visual-tc\"><div class=\"t-entry-visual-cont\"><div class=\"dummy\" style=\"padding-top: 46.8%;\"><\/div><a  class=\"inactive-link pushed\" data-lb-index=\"1\"><div class=\"t-entry-visual-overlay\"><div class=\"t-entry-visual-overlay-in style-dark-bg\" style=\"opacity: 0.5;\"><\/div><\/div><img decoding=\"async\" class=\"wp-image-80178\" src=\"https:\/\/www.rigasacappellafestivals.lv\/wp-content\/uploads\/2024\/09\/Riga-Logo.png\" width=\"851\" height=\"398\" alt=\"\" srcset=\"https:\/\/www.rigasacappellafestivals.lv\/wp-content\/uploads\/2024\/09\/Riga-Logo.png 851w, https:\/\/www.rigasacappellafestivals.lv\/wp-content\/uploads\/2024\/09\/Riga-Logo-300x140.png 300w, https:\/\/www.rigasacappellafestivals.lv\/wp-content\/uploads\/2024\/09\/Riga-Logo-768x359.png 768w, https:\/\/www.rigasacappellafestivals.lv\/wp-content\/uploads\/2024\/09\/Riga-Logo-350x164.png 350w, https:\/\/www.rigasacappellafestivals.lv\/wp-content\/uploads\/2024\/09\/Riga-Logo-uai-720x337.png 720w\" sizes=\"(max-width: 851px) 100vw, 851px\" \/><\/a><\/div>\n\t\t\t\t\t<\/div>\n\t\t\t\t<\/div><\/div><\/div><div class=\"tmb tmb-carousel tmb-iso-h4 tmb-light tmb-overlay-top tmb-overlay-text-left tmb-id-80312  tmb-media-first tmb-media-last tmb-content-overlay tmb-no-bg\" ><div class=\"t-inside animate_when_almost_visible zoom-in\" ><div class=\"t-entry-visual\"><div class=\"t-entry-visual-tc\"><div class=\"t-entry-visual-cont\"><div class=\"dummy\" style=\"padding-top: 50%;\"><\/div><a  class=\"inactive-link pushed\" data-lb-index=\"2\"><div class=\"t-entry-visual-overlay\"><div class=\"t-entry-visual-overlay-in style-dark-bg\" style=\"opacity: 0.5;\"><\/div><\/div><img decoding=\"async\" class=\"wp-image-80312\" src=\"https:\/\/www.rigasacappellafestivals.lv\/wp-content\/uploads\/2025\/08\/VKF-Logo@4x-e1756126658279.png\" width=\"600\" height=\"300\" alt=\"\" \/><\/a><\/div>\n\t\t\t\t\t<\/div>\n\t\t\t\t<\/div><\/div><\/div>\t\t\t<\/div>\n\t\t\t\t\t<\/div>\n\n\t\n\t\n\t\n<\/div>\n\n<\/div><\/div><\/div><\/div><\/div><script id=\"script-row-unique-8\" data-row=\"script-row-unique-8\" type=\"text\/javascript\" class=\"vc_controls\">UNCODE.initRow(document.getElementById(\"row-unique-8\"));<\/script><\/div><\/div><\/div><div data-parent=\"true\" class=\"vc_row style-color-rgdb-bg row-container\" id=\"row-unique-9\"><div class=\"row triple-top-padding triple-bottom-padding single-h-padding limit-width row-parent\"><div class=\"wpb_row row-inner\"><div class=\"wpb_column pos-middle pos-center align_center column_parent col-lg-12 single-internal-gutter\"><div class=\"uncol style-dark\"  ><div class=\"uncoltable\"><div class=\"uncell no-block-padding\" ><div class=\"uncont\" ><div class=\"vc_custom_heading_wrap\"><div class=\"heading-text el-text\" ><h2 class=\"h2\" ><span>News<\/span><\/h2><\/div><div class=\"clear\"><\/div><\/div><div class=\"owl-carousel-wrapper\" >\n\t\t\t\t\t\t\t\t\t\t\t\t\t<div class=\"owl-carousel-container owl-carousel-loading half-gutter\" >\t\t\t\t\t\t\t\t\t\t\t\t<div id=\"index-15588655905\" class=\"owl-carousel owl-element owl-height-auto\" data-loop=\"true\" data-navmobile=\"false\" data-navspeed=\"400\" data-autoplay=\"true\" data-timeout=\"15000\" data-stagepadding=\"0\" data-lg=\"3\" data-md=\"3\" data-sm=\"1\" data-vp-height=\"false\">\t\t\t<div class=\"tmb tmb-carousel atc-typography-inherit tmb-iso-h33 tmb-round img-round-xs tmb-light tmb-text-showed tmb-content-left tmb-image-anim tmb-shadowed tmb-shadowed-sm  grid-cat-108 tmb-id-80217 tmb-img-ratio tmb-content-under tmb-media-first\" ><div class=\"t-inside style-color-xsdn-bg animate_when_almost_visible bottom-t-top\" data-delay=\"200\"><div class=\"t-entry-visual\"><div class=\"t-entry-visual-tc\"><div class=\"t-entry-visual-cont\"><span class=\"t-cat-over single-block-padding t-cat-over-topright\"><span class=\"t-entry-category t-entry-category-108 t-cat-over-inner\"><a class=\"style-accent-bg tmb-term-evidence font-ui\" href=\"https:\/\/www.rigasacappellafestivals.lv\/en\/category\/jaunumi\/\">News<\/a><\/span><\/span><div class=\"dummy\" style=\"padding-top: 66.7%;\"><\/div><a role=\"button\" tabindex=\"-1\" href=\"https:\/\/www.rigasacappellafestivals.lv\/en\/2025-new\/\" class=\"pushed\" target=\"_self\" data-lb-index=\"0\"><div class=\"t-entry-visual-overlay\"><div class=\"t-entry-visual-overlay-in style-dark-bg\" style=\"opacity: 0.5;\"><\/div><\/div><img decoding=\"async\" class=\"wp-image-79357\" src=\"https:\/\/www.rigasacappellafestivals.lv\/wp-content\/uploads\/2020\/06\/image-web-horizon-uai-1098x732.jpg\" width=\"1098\" height=\"732\" alt=\"\" srcset=\"https:\/\/www.rigasacappellafestivals.lv\/wp-content\/uploads\/2020\/06\/image-web-horizon-uai-1098x732.jpg 1098w, https:\/\/www.rigasacappellafestivals.lv\/wp-content\/uploads\/2020\/06\/image-web-horizon-uai-720x480.jpg 720w, https:\/\/www.rigasacappellafestivals.lv\/wp-content\/uploads\/2020\/06\/image-web-horizon-uai-1032x688.jpg 1032w\" sizes=\"(max-width: 1098px) 100vw, 1098px\" \/><\/a><\/div>\n\t\t\t\t\t<\/div>\n\t\t\t\t<\/div><div class=\"t-entry-text\">\n\t\t\t\t\t\t\t\t\t<div class=\"t-entry-text-tc single-block-padding\"><div class=\"t-entry\"><p class=\"t-entry-meta\"><span class=\"t-entry-date\">April 26, 2025<\/span><\/p><h2 class=\"t-entry-title h4 fontheight-357766 fontspace-781688 title-scale\"><a href=\"https:\/\/www.rigasacappellafestivals.lv\/en\/2025-new\/\" target=\"_self\">Riga A Cappella Festival 2025<\/a><\/h2><div class=\"t-entry-excerpt\"><p>Riga A Cappella Festival 2025\n<\/p><\/div><\/div><\/div>\n\t\t\t\t\t\t\t<\/div><\/div><\/div><div class=\"tmb tmb-carousel atc-typography-inherit tmb-iso-h33 tmb-round img-round-xs tmb-light tmb-text-showed tmb-content-left tmb-image-anim tmb-shadowed tmb-shadowed-sm  grid-cat-108 tmb-id-80207 tmb-img-ratio tmb-content-under tmb-media-first\" ><div class=\"t-inside style-color-xsdn-bg animate_when_almost_visible bottom-t-top\" data-delay=\"200\"><div class=\"t-entry-visual\"><div class=\"t-entry-visual-tc\"><div class=\"t-entry-visual-cont\"><span class=\"t-cat-over single-block-padding t-cat-over-topright\"><span class=\"t-entry-category t-entry-category-108 t-cat-over-inner\"><a class=\"style-accent-bg tmb-term-evidence font-ui\" href=\"https:\/\/www.rigasacappellafestivals.lv\/en\/category\/jaunumi\/\">News<\/a><\/span><\/span><div class=\"dummy\" style=\"padding-top: 66.7%;\"><\/div><a role=\"button\" tabindex=\"-1\" href=\"https:\/\/www.rigasacappellafestivals.lv\/en\/festivala-ietvaros-tiks-pirmatskanota-programma-uguns-vardi\/\" class=\"pushed\" target=\"_self\" data-lb-index=\"1\"><div class=\"t-entry-visual-overlay\"><div class=\"t-entry-visual-overlay-in style-dark-bg\" style=\"opacity: 0.5;\"><\/div><\/div><img decoding=\"async\" class=\"wp-image-80208\" src=\"https:\/\/www.rigasacappellafestivals.lv\/wp-content\/uploads\/2024\/10\/DSC1066-Edit-scaled-uai-2554x1703.jpg\" width=\"2554\" height=\"1703\" alt=\"\" srcset=\"https:\/\/www.rigasacappellafestivals.lv\/wp-content\/uploads\/2024\/10\/DSC1066-Edit-scaled-uai-2554x1703.jpg 2554w, https:\/\/www.rigasacappellafestivals.lv\/wp-content\/uploads\/2024\/10\/DSC1066-Edit-300x200.jpg 300w, https:\/\/www.rigasacappellafestivals.lv\/wp-content\/uploads\/2024\/10\/DSC1066-Edit-768x511.jpg 768w, https:\/\/www.rigasacappellafestivals.lv\/wp-content\/uploads\/2024\/10\/DSC1066-Edit-350x233.jpg 350w, https:\/\/www.rigasacappellafestivals.lv\/wp-content\/uploads\/2024\/10\/DSC1066-Edit-scaled-uai-720x480.jpg 720w, https:\/\/www.rigasacappellafestivals.lv\/wp-content\/uploads\/2024\/10\/DSC1066-Edit-scaled-uai-1032x688.jpg 1032w\" sizes=\"(max-width: 2554px) 100vw, 2554px\" \/><\/a><\/div>\n\t\t\t\t\t<\/div>\n\t\t\t\t<\/div><div class=\"t-entry-text\">\n\t\t\t\t\t\t\t\t\t<div class=\"t-entry-text-tc single-block-padding\"><div class=\"t-entry\"><p class=\"t-entry-meta\"><span class=\"t-entry-date\">October 26, 2024<\/span><\/p><h2 class=\"t-entry-title h4 fontheight-357766 fontspace-781688 title-scale\"><a href=\"https:\/\/www.rigasacappellafestivals.lv\/en\/festivala-ietvaros-tiks-pirmatskanota-programma-uguns-vardi\/\" target=\"_self\">Contemporary music programme Words of Fire<\/a><\/h2><div class=\"t-entry-excerpt\"><p>Words of Fire\n<\/p><\/div><\/div><\/div>\n\t\t\t\t\t\t\t<\/div><\/div><\/div><div class=\"tmb tmb-carousel atc-typography-inherit tmb-iso-h33 tmb-round img-round-xs tmb-light tmb-text-showed tmb-content-left tmb-image-anim tmb-shadowed tmb-shadowed-sm  grid-cat-108 tmb-id-80119 tmb-img-ratio tmb-content-under tmb-media-first\" ><div class=\"t-inside style-color-xsdn-bg animate_when_almost_visible bottom-t-top\" data-delay=\"200\"><div class=\"t-entry-visual\"><div class=\"t-entry-visual-tc\"><div class=\"t-entry-visual-cont\"><span class=\"t-cat-over single-block-padding t-cat-over-topright\"><span class=\"t-entry-category t-entry-category-108 t-cat-over-inner\"><a class=\"style-accent-bg tmb-term-evidence font-ui\" href=\"https:\/\/www.rigasacappellafestivals.lv\/en\/category\/jaunumi\/\">News<\/a><\/span><\/span><div class=\"dummy\" style=\"padding-top: 66.6%;\"><\/div><a role=\"button\" tabindex=\"-1\" href=\"https:\/\/www.rigasacappellafestivals.lv\/en\/dziesmas-bez-vardiem\/\" class=\"pushed\" target=\"_self\" data-lb-index=\"2\"><div class=\"t-entry-visual-overlay\"><div class=\"t-entry-visual-overlay-in style-dark-bg\" style=\"opacity: 0.5;\"><\/div><\/div><img decoding=\"async\" class=\"wp-image-80124\" src=\"https:\/\/www.rigasacappellafestivals.lv\/wp-content\/uploads\/2024\/08\/LRK-Deinats-2022_7765-uai-320x213.jpeg\" width=\"320\" height=\"213\" alt=\"\" \/><\/a><\/div>\n\t\t\t\t\t<\/div>\n\t\t\t\t<\/div><div class=\"t-entry-text\">\n\t\t\t\t\t\t\t\t\t<div class=\"t-entry-text-tc single-block-padding\"><div class=\"t-entry\"><p class=\"t-entry-meta\"><span class=\"t-entry-date\">August 29, 2024<\/span><\/p><h2 class=\"t-entry-title h4 fontheight-357766 fontspace-781688 title-scale\"><a href=\"https:\/\/www.rigasacappellafestivals.lv\/en\/dziesmas-bez-vardiem\/\" target=\"_self\">Latvian Radio Choir to premiere new programme Conversations without Words<\/a><\/h2><div class=\"t-entry-excerpt\"><p>Conversations without words\n<\/p><\/div><\/div><\/div>\n\t\t\t\t\t\t\t<\/div><\/div><\/div><div class=\"tmb tmb-carousel atc-typography-inherit tmb-iso-h33 tmb-round img-round-xs tmb-light tmb-text-showed tmb-content-left tmb-image-anim tmb-shadowed tmb-shadowed-sm  grid-cat-108 tmb-id-80065 tmb-img-ratio tmb-content-under tmb-media-first\" ><div class=\"t-inside style-color-xsdn-bg animate_when_almost_visible bottom-t-top\" data-delay=\"200\"><div class=\"t-entry-visual\"><div class=\"t-entry-visual-tc\"><div class=\"t-entry-visual-cont\"><span class=\"t-cat-over single-block-padding t-cat-over-topright\"><span class=\"t-entry-category t-entry-category-108 t-cat-over-inner\"><a class=\"style-accent-bg tmb-term-evidence font-ui\" href=\"https:\/\/www.rigasacappellafestivals.lv\/en\/category\/jaunumi\/\">News<\/a><\/span><\/span><div class=\"dummy\" style=\"padding-top: 66.7%;\"><\/div><a role=\"button\" tabindex=\"-1\" href=\"https:\/\/www.rigasacappellafestivals.lv\/en\/rigas-acappella-festivals-sporta-2\/\" class=\"pushed\" target=\"_self\" data-lb-index=\"3\"><div class=\"t-entry-visual-overlay\"><div class=\"t-entry-visual-overlay-in style-dark-bg\" style=\"opacity: 0.5;\"><\/div><\/div><img decoding=\"async\" class=\"wp-image-79908\" src=\"https:\/\/www.rigasacappellafestivals.lv\/wp-content\/uploads\/2021\/12\/racf2022-uai-1011x674.png\" width=\"1011\" height=\"674\" alt=\"\" srcset=\"https:\/\/www.rigasacappellafestivals.lv\/wp-content\/uploads\/2021\/12\/racf2022-uai-1011x674.png 1011w, https:\/\/www.rigasacappellafestivals.lv\/wp-content\/uploads\/2021\/12\/racf2022-uai-720x480.png 720w\" sizes=\"(max-width: 1011px) 100vw, 1011px\" \/><\/a><\/div>\n\t\t\t\t\t<\/div>\n\t\t\t\t<\/div><div class=\"t-entry-text\">\n\t\t\t\t\t\t\t\t\t<div class=\"t-entry-text-tc single-block-padding\"><div class=\"t-entry\"><p class=\"t-entry-meta\"><span class=\"t-entry-date\">July 6, 2024<\/span><\/p><h2 class=\"t-entry-title h4 fontheight-357766 fontspace-781688 title-scale\"><a href=\"https:\/\/www.rigasacappellafestivals.lv\/en\/rigas-acappella-festivals-sporta-2\/\" target=\"_self\">2024 Riga A Cappella Festival's new programme New Choral Sounds will take place from 6 to 9 November in the Sport 2 quarter<\/a><\/h2><div class=\"t-entry-excerpt\"><p>New programme concerts and industry meetings!\n<\/p><\/div><\/div><\/div>\n\t\t\t\t\t\t\t<\/div><\/div><\/div><div class=\"tmb tmb-carousel atc-typography-inherit tmb-iso-h33 tmb-round img-round-xs tmb-light tmb-text-showed tmb-content-left tmb-image-anim tmb-shadowed tmb-shadowed-sm  grid-cat-108 tmb-id-80048 tmb-img-ratio tmb-content-under tmb-media-first\" ><div class=\"t-inside style-color-xsdn-bg animate_when_almost_visible bottom-t-top\" data-delay=\"200\"><div class=\"t-entry-visual\"><div class=\"t-entry-visual-tc\"><div class=\"t-entry-visual-cont\"><span class=\"t-cat-over single-block-padding t-cat-over-topright\"><span class=\"t-entry-category t-entry-category-108 t-cat-over-inner\"><a class=\"style-accent-bg tmb-term-evidence font-ui\" href=\"https:\/\/www.rigasacappellafestivals.lv\/en\/category\/jaunumi\/\">News<\/a><\/span><\/span><div class=\"dummy\" style=\"padding-top: 66.7%;\"><\/div><a role=\"button\" tabindex=\"-1\" href=\"https:\/\/www.rigasacappellafestivals.lv\/en\/kora-muzikas-perles\/\" class=\"pushed\" target=\"_self\" data-lb-index=\"4\"><div class=\"t-entry-visual-overlay\"><div class=\"t-entry-visual-overlay-in style-dark-bg\" style=\"opacity: 0.5;\"><\/div><\/div><img decoding=\"async\" class=\"wp-image-80042\" src=\"https:\/\/www.rigasacappellafestivals.lv\/wp-content\/uploads\/2023\/10\/kora_muzikas_perles_soctikli-RGB_FB-event-1220x628-copy-uai-942x628.png\" width=\"942\" height=\"628\" alt=\"\" srcset=\"https:\/\/www.rigasacappellafestivals.lv\/wp-content\/uploads\/2023\/10\/kora_muzikas_perles_soctikli-RGB_FB-event-1220x628-copy-uai-942x628.png 942w, https:\/\/www.rigasacappellafestivals.lv\/wp-content\/uploads\/2023\/10\/kora_muzikas_perles_soctikli-RGB_FB-event-1220x628-copy-uai-720x480.png 720w\" sizes=\"(max-width: 942px) 100vw, 942px\" \/><\/a><\/div>\n\t\t\t\t\t<\/div>\n\t\t\t\t<\/div><div class=\"t-entry-text\">\n\t\t\t\t\t\t\t\t\t<div class=\"t-entry-text-tc single-block-padding\"><div class=\"t-entry\"><p class=\"t-entry-meta\"><span class=\"t-entry-date\">September 22, 2023<\/span><\/p><h2 class=\"t-entry-title h4 fontheight-357766 fontspace-781688 title-scale\"><a href=\"https:\/\/www.rigasacappellafestivals.lv\/en\/kora-muzikas-perles\/\" target=\"_self\">Gems of choral music<\/a><\/h2><div class=\"t-entry-excerpt\"><p>Gems of choral music on 2 November in the Great Hall of the Sports 2 Quarter\n<\/p><\/div><\/div><\/div>\n\t\t\t\t\t\t\t<\/div><\/div><\/div><div class=\"tmb tmb-carousel atc-typography-inherit tmb-iso-h33 tmb-round img-round-xs tmb-light tmb-text-showed tmb-content-left tmb-image-anim tmb-shadowed tmb-shadowed-sm  grid-cat-108 tmb-id-80056 tmb-img-ratio tmb-content-under tmb-media-first\" ><div class=\"t-inside style-color-xsdn-bg animate_when_almost_visible bottom-t-top\" data-delay=\"200\"><div class=\"t-entry-visual\"><div class=\"t-entry-visual-tc\"><div class=\"t-entry-visual-cont\"><span class=\"t-cat-over single-block-padding t-cat-over-topright\"><span class=\"t-entry-category t-entry-category-108 t-cat-over-inner\"><a class=\"style-accent-bg tmb-term-evidence font-ui\" href=\"https:\/\/www.rigasacappellafestivals.lv\/en\/category\/jaunumi\/\">News<\/a><\/span><\/span><div class=\"dummy\" style=\"padding-top: 66.7%;\"><\/div><a role=\"button\" tabindex=\"-1\" href=\"https:\/\/www.rigasacappellafestivals.lv\/en\/puteklu-cilveks\/\" class=\"pushed\" target=\"_self\" data-lb-index=\"5\"><div class=\"t-entry-visual-overlay\"><div class=\"t-entry-visual-overlay-in style-dark-bg\" style=\"opacity: 0.5;\"><\/div><\/div><img decoding=\"async\" class=\"wp-image-80030\" src=\"https:\/\/www.rigasacappellafestivals.lv\/wp-content\/uploads\/2023\/10\/puteklu_cilveks__FB-event-1220x628-1-uai-942x628.png\" width=\"942\" height=\"628\" alt=\"\" srcset=\"https:\/\/www.rigasacappellafestivals.lv\/wp-content\/uploads\/2023\/10\/puteklu_cilveks__FB-event-1220x628-1-uai-942x628.png 942w, https:\/\/www.rigasacappellafestivals.lv\/wp-content\/uploads\/2023\/10\/puteklu_cilveks__FB-event-1220x628-1-uai-720x480.png 720w\" sizes=\"(max-width: 942px) 100vw, 942px\" \/><\/a><\/div>\n\t\t\t\t\t<\/div>\n\t\t\t\t<\/div><div class=\"t-entry-text\">\n\t\t\t\t\t\t\t\t\t<div class=\"t-entry-text-tc single-block-padding\"><div class=\"t-entry\"><p class=\"t-entry-meta\"><span class=\"t-entry-date\">September 21, 2023<\/span><\/p><h2 class=\"t-entry-title h4 fontheight-357766 fontspace-781688 title-scale\"><a href=\"https:\/\/www.rigasacappellafestivals.lv\/en\/puteklu-cilveks\/\" target=\"_self\">Dust man. Concert for voices and electronics<\/a><\/h2><div class=\"t-entry-excerpt\"><p>Premiere on 1 November in the Grand Hall of the Sports 2 Quarter\n<\/p><\/div><\/div><\/div>\n\t\t\t\t\t\t\t<\/div><\/div><\/div>\t\t<\/div>\t\n\t\n\n\t<\/div>\t\t\t\t<\/div>\n<span class=\"btn-container\" ><a role=\"button\"  href=\"https:\/\/www.rigasacappellafestivals.lv\/en\/jaunumi\/\" class=\"custom-link btn border-width-0 btn-default btn-outline btn-icon-left\" title=\"News\">View all news<\/a><\/span><\/div><\/div><\/div><\/div><\/div><script id=\"script-row-unique-9\" data-row=\"script-row-unique-9\" type=\"text\/javascript\" class=\"vc_controls\">UNCODE.initRow(document.getElementById(\"row-unique-9\"));<\/script><\/div><\/div><\/div><div data-parent=\"true\" class=\"vc_row style-color-jevc-bg row-container onepage-section\" data-label=\"Instagram\" data-name=\"instagram\" id=\"row-unique-10\"><div class=\"row double-top-padding double-bottom-padding single-h-padding limit-width row-parent\"><div class=\"wpb_row row-inner\"><div class=\"wpb_column pos-middle pos-center align_center column_parent col-lg-12 single-internal-gutter\"><div class=\"uncol style-light\"  ><div class=\"uncoltable\"><div class=\"uncell no-block-padding\" ><div class=\"uncont\" >\n<div id=\"sb_instagram\"  class=\"sbi sbi_mob_col_1 sbi_tab_col_2 sbi_col_5\" style=\"padding-bottom: 4px; width: 100%;\"\t data-feedid=\"sbi_17841403085375121#10\"  data-res=\"auto\" data-cols=\"5\" data-colsmobile=\"1\" data-colstablet=\"2\" data-num=\"10\" data-nummobile=\"\" data-item-padding=\"2\"\t data-shortcode-atts=\"{&quot;num&quot;:&quot;10&quot;}\"  data-postid=\"80056\" data-locatornonce=\"4178bf7822\" data-imageaspectratio=\"1:1\" data-sbi-flags=\"favorLocal\">\n\t\n\t<div id=\"sbi_images\"  style=\"gap: 4px;\">\n\t\t<div class=\"sbi_item sbi_type_video sbi_new sbi_transition\"\n\tid=\"sbi_18059971390829364\" data-date=\"1730626476\">\n\t<div class=\"sbi_photo_wrap\">\n\t\t<a class=\"sbi_photo\" href=\"https:\/\/www.instagram.com\/reel\/DB53Xs-iiWN\/\" target=\"_blank\" rel=\"noopener nofollow\"\n\t\t\tdata-full-res=\"https:\/\/scontent-ams2-1.cdninstagram.com\/v\/t51.29350-15\/464994516_1346132703029667_1282979043446824538_n.jpg?_nc_cat=111&#038;ccb=1-7&#038;_nc_sid=18de74&#038;_nc_ohc=fI1rwxjcMWAQ7kNvgH1vbbY&#038;_nc_zt=23&#038;_nc_ht=scontent-ams2-1.cdninstagram.com&#038;edm=ANo9K5cEAAAA&#038;_nc_gid=Ah-sY7ILmCstvXZdHlyu8GN&#038;oh=00_AYDo02LLMf9EvTY_FV78vCVTqb6ND9_lrKt3tKCf1snRBg&#038;oe=67561433\"\n\t\t\tdata-img-src-set=\"{&quot;d&quot;:&quot;https:\\\/\\\/scontent-ams2-1.cdninstagram.com\\\/v\\\/t51.29350-15\\\/464994516_1346132703029667_1282979043446824538_n.jpg?_nc_cat=111&amp;ccb=1-7&amp;_nc_sid=18de74&amp;_nc_ohc=fI1rwxjcMWAQ7kNvgH1vbbY&amp;_nc_zt=23&amp;_nc_ht=scontent-ams2-1.cdninstagram.com&amp;edm=ANo9K5cEAAAA&amp;_nc_gid=Ah-sY7ILmCstvXZdHlyu8GN&amp;oh=00_AYDo02LLMf9EvTY_FV78vCVTqb6ND9_lrKt3tKCf1snRBg&amp;oe=67561433&quot;,&quot;150&quot;:&quot;https:\\\/\\\/scontent-ams2-1.cdninstagram.com\\\/v\\\/t51.29350-15\\\/464994516_1346132703029667_1282979043446824538_n.jpg?_nc_cat=111&amp;ccb=1-7&amp;_nc_sid=18de74&amp;_nc_ohc=fI1rwxjcMWAQ7kNvgH1vbbY&amp;_nc_zt=23&amp;_nc_ht=scontent-ams2-1.cdninstagram.com&amp;edm=ANo9K5cEAAAA&amp;_nc_gid=Ah-sY7ILmCstvXZdHlyu8GN&amp;oh=00_AYDo02LLMf9EvTY_FV78vCVTqb6ND9_lrKt3tKCf1snRBg&amp;oe=67561433&quot;,&quot;320&quot;:&quot;https:\\\/\\\/scontent-ams2-1.cdninstagram.com\\\/v\\\/t51.29350-15\\\/464994516_1346132703029667_1282979043446824538_n.jpg?_nc_cat=111&amp;ccb=1-7&amp;_nc_sid=18de74&amp;_nc_ohc=fI1rwxjcMWAQ7kNvgH1vbbY&amp;_nc_zt=23&amp;_nc_ht=scontent-ams2-1.cdninstagram.com&amp;edm=ANo9K5cEAAAA&amp;_nc_gid=Ah-sY7ILmCstvXZdHlyu8GN&amp;oh=00_AYDo02LLMf9EvTY_FV78vCVTqb6ND9_lrKt3tKCf1snRBg&amp;oe=67561433&quot;,&quot;640&quot;:&quot;https:\\\/\\\/scontent-ams2-1.cdninstagram.com\\\/v\\\/t51.29350-15\\\/464994516_1346132703029667_1282979043446824538_n.jpg?_nc_cat=111&amp;ccb=1-7&amp;_nc_sid=18de74&amp;_nc_ohc=fI1rwxjcMWAQ7kNvgH1vbbY&amp;_nc_zt=23&amp;_nc_ht=scontent-ams2-1.cdninstagram.com&amp;edm=ANo9K5cEAAAA&amp;_nc_gid=Ah-sY7ILmCstvXZdHlyu8GN&amp;oh=00_AYDo02LLMf9EvTY_FV78vCVTqb6ND9_lrKt3tKCf1snRBg&amp;oe=67561433&quot;}\">\n\t\t\t<span class=\"sbi-screenreader\">Take a look at the 'Conversations without Words' sa<\/span>\n\t\t\t\t\t\t<svg style=\"color: rgba(255,255,255,1)\" class=\"svg-inline--fa fa-play fa-w-14 sbi_playbtn\" aria-label=\"Play\" aria-hidden=\"true\" data-fa-processed=\"\" data-prefix=\"fa\" data-icon=\"play\" role=\"presentation\" xmlns=\"http:\/\/www.w3.org\/2000\/svg\" viewbox=\"0 0 448 512\"><path fill=\"currentColor\" d=\"M424.4 214.7L72.4 6.6C43.8-10.3 0 6.1 0 47.9V464c0 37.5 40.7 60.1 72.4 41.3l352-208c31.4-18.5 31.5-64.1 0-82.6z\"><\/path><\/svg>\t\t\t<img decoding=\"async\" src=\"https:\/\/www.rigasacappellafestivals.lv\/wp-content\/plugins\/instagram-feed\/img\/placeholder.png\" alt=\"Ieskaties programmas \u2018Sarunas bez v\u0101rdiem\u2019 sagatavo\u0161anas proces\u0101 Studio Imagine.Programmas pirmizr\u0101de notiks 7. novembr\u012b SPORTA 2 kvart\u0101la Lielaj\u0101 z\u0101l\u0113 kop\u0101 ar Latvijas Radio kori, Liliju Liporu un Sigvardu K\u013cavu. Vair\u0101k &gt; rigasacappellafestivals.lv#rigasacappellafestivals #newchoralsounds\" aria-hidden=\"true\">\n\t\t<\/a>\n\t<\/div>\n<\/div><div class=\"sbi_item sbi_type_video sbi_new sbi_transition\"\n\tid=\"sbi_18466811755040506\" data-date=\"1730566247\">\n\t<div class=\"sbi_photo_wrap\">\n\t\t<a class=\"sbi_photo\" href=\"https:\/\/www.instagram.com\/reel\/DB4FSE9CDPF\/\" target=\"_blank\" rel=\"noopener nofollow\"\n\t\t\tdata-full-res=\"https:\/\/scontent-ams2-1.cdninstagram.com\/v\/t51.29350-15\/465088142_1285265582504766_3653862281134110891_n.jpg?_nc_cat=100&#038;ccb=1-7&#038;_nc_sid=18de74&#038;_nc_ohc=7ErDrPo0aL4Q7kNvgEXtMXq&#038;_nc_zt=23&#038;_nc_ht=scontent-ams2-1.cdninstagram.com&#038;edm=ANo9K5cEAAAA&#038;_nc_gid=Ah-sY7ILmCstvXZdHlyu8GN&#038;oh=00_AYBvKp3pLna3IkxWC2T9ercdhi3deAP6ecSduXZ21oEQWg&#038;oe=67563CBF\"\n\t\t\tdata-img-src-set=\"{&quot;d&quot;:&quot;https:\\\/\\\/scontent-ams2-1.cdninstagram.com\\\/v\\\/t51.29350-15\\\/465088142_1285265582504766_3653862281134110891_n.jpg?_nc_cat=100&amp;ccb=1-7&amp;_nc_sid=18de74&amp;_nc_ohc=7ErDrPo0aL4Q7kNvgEXtMXq&amp;_nc_zt=23&amp;_nc_ht=scontent-ams2-1.cdninstagram.com&amp;edm=ANo9K5cEAAAA&amp;_nc_gid=Ah-sY7ILmCstvXZdHlyu8GN&amp;oh=00_AYBvKp3pLna3IkxWC2T9ercdhi3deAP6ecSduXZ21oEQWg&amp;oe=67563CBF&quot;,&quot;150&quot;:&quot;https:\\\/\\\/scontent-ams2-1.cdninstagram.com\\\/v\\\/t51.29350-15\\\/465088142_1285265582504766_3653862281134110891_n.jpg?_nc_cat=100&amp;ccb=1-7&amp;_nc_sid=18de74&amp;_nc_ohc=7ErDrPo0aL4Q7kNvgEXtMXq&amp;_nc_zt=23&amp;_nc_ht=scontent-ams2-1.cdninstagram.com&amp;edm=ANo9K5cEAAAA&amp;_nc_gid=Ah-sY7ILmCstvXZdHlyu8GN&amp;oh=00_AYBvKp3pLna3IkxWC2T9ercdhi3deAP6ecSduXZ21oEQWg&amp;oe=67563CBF&quot;,&quot;320&quot;:&quot;https:\\\/\\\/scontent-ams2-1.cdninstagram.com\\\/v\\\/t51.29350-15\\\/465088142_1285265582504766_3653862281134110891_n.jpg?_nc_cat=100&amp;ccb=1-7&amp;_nc_sid=18de74&amp;_nc_ohc=7ErDrPo0aL4Q7kNvgEXtMXq&amp;_nc_zt=23&amp;_nc_ht=scontent-ams2-1.cdninstagram.com&amp;edm=ANo9K5cEAAAA&amp;_nc_gid=Ah-sY7ILmCstvXZdHlyu8GN&amp;oh=00_AYBvKp3pLna3IkxWC2T9ercdhi3deAP6ecSduXZ21oEQWg&amp;oe=67563CBF&quot;,&quot;640&quot;:&quot;https:\\\/\\\/scontent-ams2-1.cdninstagram.com\\\/v\\\/t51.29350-15\\\/465088142_1285265582504766_3653862281134110891_n.jpg?_nc_cat=100&amp;ccb=1-7&amp;_nc_sid=18de74&amp;_nc_ohc=7ErDrPo0aL4Q7kNvgEXtMXq&amp;_nc_zt=23&amp;_nc_ht=scontent-ams2-1.cdninstagram.com&amp;edm=ANo9K5cEAAAA&amp;_nc_gid=Ah-sY7ILmCstvXZdHlyu8GN&amp;oh=00_AYBvKp3pLna3IkxWC2T9ercdhi3deAP6ecSduXZ21oEQWg&amp;oe=67563CBF&quot;}\">\n\t\t\t<span class=\"sbi-screenreader\">7 November pl. 19.00 SPORTA 2 quarter, Large<\/span>\n\t\t\t\t\t\t<svg style=\"color: rgba(255,255,255,1)\" class=\"svg-inline--fa fa-play fa-w-14 sbi_playbtn\" aria-label=\"Play\" aria-hidden=\"true\" data-fa-processed=\"\" data-prefix=\"fa\" data-icon=\"play\" role=\"presentation\" xmlns=\"http:\/\/www.w3.org\/2000\/svg\" viewbox=\"0 0 448 512\"><path fill=\"currentColor\" d=\"M424.4 214.7L72.4 6.6C43.8-10.3 0 6.1 0 47.9V464c0 37.5 40.7 60.1 72.4 41.3l352-208c31.4-18.5 31.5-64.1 0-82.6z\"><\/path><\/svg>\t\t\t<img decoding=\"async\" src=\"https:\/\/www.rigasacappellafestivals.lv\/wp-content\/plugins\/instagram-feed\/img\/placeholder.png\" alt=\"7. novembr\u012b pl. 19.00 SPORTA 2 kvart\u0101la Lielaj\u0101 z\u0101l\u0113 ce\u013cojums glezniecisku ska\u0146u un kust\u012bbu pasaul\u0113 ar Latvijas Radio kori, Liliju Liporu un Sigvardu K\u013cavu. Bi\u013cetes: bezrindas.lv\/lv\/sarunas-bez-vardiem\/13690#rigasacappellafestivals #newchoralsounds\" aria-hidden=\"true\">\n\t\t<\/a>\n\t<\/div>\n<\/div><div class=\"sbi_item sbi_type_video sbi_new sbi_transition\"\n\tid=\"sbi_18337662091176330\" data-date=\"1730401524\">\n\t<div class=\"sbi_photo_wrap\">\n\t\t<a class=\"sbi_photo\" href=\"https:\/\/www.instagram.com\/reel\/DBzKHvEia8w\/\" target=\"_blank\" rel=\"noopener nofollow\"\n\t\t\tdata-full-res=\"https:\/\/scontent-ams2-1.cdninstagram.com\/v\/t51.29350-15\/464907477_905185348222292_4902839293123834591_n.jpg?_nc_cat=106&#038;ccb=1-7&#038;_nc_sid=18de74&#038;_nc_ohc=YoawdkTy9XUQ7kNvgGx7N2G&#038;_nc_zt=23&#038;_nc_ht=scontent-ams2-1.cdninstagram.com&#038;edm=ANo9K5cEAAAA&#038;_nc_gid=Ah-sY7ILmCstvXZdHlyu8GN&#038;oh=00_AYBohbAaRkgRPk1AnhwMmxz4iHm-NqN42w7gf0nIGBB1oA&#038;oe=6756263D\"\n\t\t\tdata-img-src-set=\"{&quot;d&quot;:&quot;https:\\\/\\\/scontent-ams2-1.cdninstagram.com\\\/v\\\/t51.29350-15\\\/464907477_905185348222292_4902839293123834591_n.jpg?_nc_cat=106&amp;ccb=1-7&amp;_nc_sid=18de74&amp;_nc_ohc=YoawdkTy9XUQ7kNvgGx7N2G&amp;_nc_zt=23&amp;_nc_ht=scontent-ams2-1.cdninstagram.com&amp;edm=ANo9K5cEAAAA&amp;_nc_gid=Ah-sY7ILmCstvXZdHlyu8GN&amp;oh=00_AYBohbAaRkgRPk1AnhwMmxz4iHm-NqN42w7gf0nIGBB1oA&amp;oe=6756263D&quot;,&quot;150&quot;:&quot;https:\\\/\\\/scontent-ams2-1.cdninstagram.com\\\/v\\\/t51.29350-15\\\/464907477_905185348222292_4902839293123834591_n.jpg?_nc_cat=106&amp;ccb=1-7&amp;_nc_sid=18de74&amp;_nc_ohc=YoawdkTy9XUQ7kNvgGx7N2G&amp;_nc_zt=23&amp;_nc_ht=scontent-ams2-1.cdninstagram.com&amp;edm=ANo9K5cEAAAA&amp;_nc_gid=Ah-sY7ILmCstvXZdHlyu8GN&amp;oh=00_AYBohbAaRkgRPk1AnhwMmxz4iHm-NqN42w7gf0nIGBB1oA&amp;oe=6756263D&quot;,&quot;320&quot;:&quot;https:\\\/\\\/scontent-ams2-1.cdninstagram.com\\\/v\\\/t51.29350-15\\\/464907477_905185348222292_4902839293123834591_n.jpg?_nc_cat=106&amp;ccb=1-7&amp;_nc_sid=18de74&amp;_nc_ohc=YoawdkTy9XUQ7kNvgGx7N2G&amp;_nc_zt=23&amp;_nc_ht=scontent-ams2-1.cdninstagram.com&amp;edm=ANo9K5cEAAAA&amp;_nc_gid=Ah-sY7ILmCstvXZdHlyu8GN&amp;oh=00_AYBohbAaRkgRPk1AnhwMmxz4iHm-NqN42w7gf0nIGBB1oA&amp;oe=6756263D&quot;,&quot;640&quot;:&quot;https:\\\/\\\/scontent-ams2-1.cdninstagram.com\\\/v\\\/t51.29350-15\\\/464907477_905185348222292_4902839293123834591_n.jpg?_nc_cat=106&amp;ccb=1-7&amp;_nc_sid=18de74&amp;_nc_ohc=YoawdkTy9XUQ7kNvgGx7N2G&amp;_nc_zt=23&amp;_nc_ht=scontent-ams2-1.cdninstagram.com&amp;edm=ANo9K5cEAAAA&amp;_nc_gid=Ah-sY7ILmCstvXZdHlyu8GN&amp;oh=00_AYBohbAaRkgRPk1AnhwMmxz4iHm-NqN42w7gf0nIGBB1oA&amp;oe=6756263D&quot;}\">\n\t\t\t<span class=\"sbi-screenreader\">7 November at 19.00 SPORTA 2 Quarter Large<\/span>\n\t\t\t\t\t\t<svg style=\"color: rgba(255,255,255,1)\" class=\"svg-inline--fa fa-play fa-w-14 sbi_playbtn\" aria-label=\"Play\" aria-hidden=\"true\" data-fa-processed=\"\" data-prefix=\"fa\" data-icon=\"play\" role=\"presentation\" xmlns=\"http:\/\/www.w3.org\/2000\/svg\" viewbox=\"0 0 448 512\"><path fill=\"currentColor\" d=\"M424.4 214.7L72.4 6.6C43.8-10.3 0 6.1 0 47.9V464c0 37.5 40.7 60.1 72.4 41.3l352-208c31.4-18.5 31.5-64.1 0-82.6z\"><\/path><\/svg>\t\t\t<img decoding=\"async\" src=\"https:\/\/www.rigasacappellafestivals.lv\/wp-content\/plugins\/instagram-feed\/img\/placeholder.png\" alt=\"7. novembr\u012b plkst. 19.00 SPORTA 2 kvart\u0101la Lielaj\u0101 z\u0101l\u0113 Latvijas Radio koris, dejas m\u0101ksliniece Lilija Lipora un diri\u0123ents Sigvards K\u013cava pirmatska\u0146os glezniecisku ska\u0146u un kust\u012bbu programmu &quot;Sarunas bez v\u0101rdiem&quot;.\ud83c\udf9f\ufe0f Bi\u013cetes: rigasacappellafestivals.lv#rigasacappellafestivals #newchoralsounds\" aria-hidden=\"true\">\n\t\t<\/a>\n\t<\/div>\n<\/div><div class=\"sbi_item sbi_type_carousel sbi_new sbi_transition\"\n\tid=\"sbi_18064586941678397\" data-date=\"1730229595\">\n\t<div class=\"sbi_photo_wrap\">\n\t\t<a class=\"sbi_photo\" href=\"https:\/\/www.instagram.com\/p\/DBuDSq3R43M\/\" target=\"_blank\" rel=\"noopener nofollow\"\n\t\t\tdata-full-res=\"https:\/\/scontent-ams4-1.cdninstagram.com\/v\/t51.75761-15\/464747515_18377348119102846_1997559854488492390_n.jpg?_nc_cat=109&#038;ccb=1-7&#038;_nc_sid=18de74&#038;_nc_ohc=NjUhNCqAD5MQ7kNvgGBq6nV&#038;_nc_zt=23&#038;_nc_ht=scontent-ams4-1.cdninstagram.com&#038;edm=ANo9K5cEAAAA&#038;_nc_gid=Ah-sY7ILmCstvXZdHlyu8GN&#038;oh=00_AYCV7rFHyEGuRAJ32ZLM_UHRN4y7qK6Et3VMG8j3D4OdgQ&#038;oe=67563D21\"\n\t\t\tdata-img-src-set=\"{&quot;d&quot;:&quot;https:\\\/\\\/scontent-ams4-1.cdninstagram.com\\\/v\\\/t51.75761-15\\\/464747515_18377348119102846_1997559854488492390_n.jpg?_nc_cat=109&amp;ccb=1-7&amp;_nc_sid=18de74&amp;_nc_ohc=NjUhNCqAD5MQ7kNvgGBq6nV&amp;_nc_zt=23&amp;_nc_ht=scontent-ams4-1.cdninstagram.com&amp;edm=ANo9K5cEAAAA&amp;_nc_gid=Ah-sY7ILmCstvXZdHlyu8GN&amp;oh=00_AYCV7rFHyEGuRAJ32ZLM_UHRN4y7qK6Et3VMG8j3D4OdgQ&amp;oe=67563D21&quot;,&quot;150&quot;:&quot;https:\\\/\\\/scontent-ams4-1.cdninstagram.com\\\/v\\\/t51.75761-15\\\/464747515_18377348119102846_1997559854488492390_n.jpg?_nc_cat=109&amp;ccb=1-7&amp;_nc_sid=18de74&amp;_nc_ohc=NjUhNCqAD5MQ7kNvgGBq6nV&amp;_nc_zt=23&amp;_nc_ht=scontent-ams4-1.cdninstagram.com&amp;edm=ANo9K5cEAAAA&amp;_nc_gid=Ah-sY7ILmCstvXZdHlyu8GN&amp;oh=00_AYCV7rFHyEGuRAJ32ZLM_UHRN4y7qK6Et3VMG8j3D4OdgQ&amp;oe=67563D21&quot;,&quot;320&quot;:&quot;https:\\\/\\\/scontent-ams4-1.cdninstagram.com\\\/v\\\/t51.75761-15\\\/464747515_18377348119102846_1997559854488492390_n.jpg?_nc_cat=109&amp;ccb=1-7&amp;_nc_sid=18de74&amp;_nc_ohc=NjUhNCqAD5MQ7kNvgGBq6nV&amp;_nc_zt=23&amp;_nc_ht=scontent-ams4-1.cdninstagram.com&amp;edm=ANo9K5cEAAAA&amp;_nc_gid=Ah-sY7ILmCstvXZdHlyu8GN&amp;oh=00_AYCV7rFHyEGuRAJ32ZLM_UHRN4y7qK6Et3VMG8j3D4OdgQ&amp;oe=67563D21&quot;,&quot;640&quot;:&quot;https:\\\/\\\/scontent-ams4-1.cdninstagram.com\\\/v\\\/t51.75761-15\\\/464747515_18377348119102846_1997559854488492390_n.jpg?_nc_cat=109&amp;ccb=1-7&amp;_nc_sid=18de74&amp;_nc_ohc=NjUhNCqAD5MQ7kNvgGBq6nV&amp;_nc_zt=23&amp;_nc_ht=scontent-ams4-1.cdninstagram.com&amp;edm=ANo9K5cEAAAA&amp;_nc_gid=Ah-sY7ILmCstvXZdHlyu8GN&amp;oh=00_AYCV7rFHyEGuRAJ32ZLM_UHRN4y7qK6Et3VMG8j3D4OdgQ&amp;oe=67563D21&quot;}\">\n\t\t\t<span class=\"sbi-screenreader\">6 November at 19.00 SPORTA 2 Quarter Large<\/span>\n\t\t\t<svg class=\"svg-inline--fa fa-clone fa-w-16 sbi_lightbox_carousel_icon\" aria-hidden=\"true\" aria-label=\"Clone\" data-fa-pro\u0192cessed=\"\" data-prefix=\"far\" data-icon=\"clone\" role=\"img\" xmlns=\"http:\/\/www.w3.org\/2000\/svg\" viewbox=\"0 0 512 512\">\n                    <path fill=\"currentColor\" d=\"M464 0H144c-26.51 0-48 21.49-48 48v48H48c-26.51 0-48 21.49-48 48v320c0 26.51 21.49 48 48 48h320c26.51 0 48-21.49 48-48v-48h48c26.51 0 48-21.49 48-48V48c0-26.51-21.49-48-48-48zM362 464H54a6 6 0 0 1-6-6V150a6 6 0 0 1 6-6h42v224c0 26.51 21.49 48 48 48h224v42a6 6 0 0 1-6 6zm96-96H150a6 6 0 0 1-6-6V54a6 6 0 0 1 6-6h308a6 6 0 0 1 6 6v308a6 6 0 0 1-6 6z\"><\/path>\n                <\/svg>\t\t\t\t\t\t<img decoding=\"async\" src=\"https:\/\/www.rigasacappellafestivals.lv\/wp-content\/plugins\/instagram-feed\/img\/placeholder.png\" alt=\"6. novembr\u012b plkst. 19.00 SPORTA 2 kvart\u0101la Lielaj\u0101 z\u0101l\u0113 notiks jaunas koncertprogrammas\u00a0\u00a0\u201cUguns v\u0101rdi\u201d pirmatska\u0146ojums, kurai jaundarbus rad\u012bju\u0161i asto\u0146i latvie\u0161u komponisti. Programmu izveidojusi un izpild\u012bs vok\u0101l\u0101 grupa \u201cAnima Solla\u201d, t\u0101s pirmatska\u0146ojums norisin\u0101sies R\u012bgas A Cappella festiv\u0101la jaun\u0101s s\u0113rijas \u201cNew Choral Sounds\u201d (Jaun\u0101s kora ska\u0146as) ietvaros. \u201cUguns v\u0101rdi\u201d ir koncertprogramma, kur\u0101 apvienoju\u0161\u0101s se\u0161as da\u017e\u0101du laikposmu vok\u0101l\u0101s grupas \u201cAnima Solla\u201d dzied\u0101t\u0101jas Elizabete \u0160toma, M\u0101r\u012bte Junita Aps\u012bte, Dita Tomsone, Just\u012bne Savitska, Anna Rudz\u012bte un Ilze Konovalova.Bi\u013cetes un pla\u0161\u0101ka inform\u0101cija: rigasacappellafestivals.lv \ud83d\udcf7 Valdis Kauli\u0146\u0161 | Studio Imagine#rigassacappellafestivals #newchoralsounds #animasolla\" aria-hidden=\"true\">\n\t\t<\/a>\n\t<\/div>\n<\/div><div class=\"sbi_item sbi_type_image sbi_new sbi_transition\"\n\tid=\"sbi_18328598869149421\" data-date=\"1730146805\">\n\t<div class=\"sbi_photo_wrap\">\n\t\t<a class=\"sbi_photo\" href=\"https:\/\/www.instagram.com\/p\/DBrlYg7RBop\/\" target=\"_blank\" rel=\"noopener nofollow\"\n\t\t\tdata-full-res=\"https:\/\/scontent-ams2-1.cdninstagram.com\/v\/t51.75761-15\/464736332_18377203471102846_467380731296144743_n.jpg?_nc_cat=108&#038;ccb=1-7&#038;_nc_sid=18de74&#038;_nc_ohc=Hp-4fDA0fLgQ7kNvgFg5dXU&#038;_nc_zt=23&#038;_nc_ht=scontent-ams2-1.cdninstagram.com&#038;edm=ANo9K5cEAAAA&#038;_nc_gid=Ah-sY7ILmCstvXZdHlyu8GN&#038;oh=00_AYA8f1C9zqcut4CR9UyydC3OcKlWb-3oe3_pwnoburpdzg&#038;oe=675623A5\"\n\t\t\tdata-img-src-set=\"{&quot;d&quot;:&quot;https:\\\/\\\/scontent-ams2-1.cdninstagram.com\\\/v\\\/t51.75761-15\\\/464736332_18377203471102846_467380731296144743_n.jpg?_nc_cat=108&amp;ccb=1-7&amp;_nc_sid=18de74&amp;_nc_ohc=Hp-4fDA0fLgQ7kNvgFg5dXU&amp;_nc_zt=23&amp;_nc_ht=scontent-ams2-1.cdninstagram.com&amp;edm=ANo9K5cEAAAA&amp;_nc_gid=Ah-sY7ILmCstvXZdHlyu8GN&amp;oh=00_AYA8f1C9zqcut4CR9UyydC3OcKlWb-3oe3_pwnoburpdzg&amp;oe=675623A5&quot;,&quot;150&quot;:&quot;https:\\\/\\\/scontent-ams2-1.cdninstagram.com\\\/v\\\/t51.75761-15\\\/464736332_18377203471102846_467380731296144743_n.jpg?_nc_cat=108&amp;ccb=1-7&amp;_nc_sid=18de74&amp;_nc_ohc=Hp-4fDA0fLgQ7kNvgFg5dXU&amp;_nc_zt=23&amp;_nc_ht=scontent-ams2-1.cdninstagram.com&amp;edm=ANo9K5cEAAAA&amp;_nc_gid=Ah-sY7ILmCstvXZdHlyu8GN&amp;oh=00_AYA8f1C9zqcut4CR9UyydC3OcKlWb-3oe3_pwnoburpdzg&amp;oe=675623A5&quot;,&quot;320&quot;:&quot;https:\\\/\\\/scontent-ams2-1.cdninstagram.com\\\/v\\\/t51.75761-15\\\/464736332_18377203471102846_467380731296144743_n.jpg?_nc_cat=108&amp;ccb=1-7&amp;_nc_sid=18de74&amp;_nc_ohc=Hp-4fDA0fLgQ7kNvgFg5dXU&amp;_nc_zt=23&amp;_nc_ht=scontent-ams2-1.cdninstagram.com&amp;edm=ANo9K5cEAAAA&amp;_nc_gid=Ah-sY7ILmCstvXZdHlyu8GN&amp;oh=00_AYA8f1C9zqcut4CR9UyydC3OcKlWb-3oe3_pwnoburpdzg&amp;oe=675623A5&quot;,&quot;640&quot;:&quot;https:\\\/\\\/scontent-ams2-1.cdninstagram.com\\\/v\\\/t51.75761-15\\\/464736332_18377203471102846_467380731296144743_n.jpg?_nc_cat=108&amp;ccb=1-7&amp;_nc_sid=18de74&amp;_nc_ohc=Hp-4fDA0fLgQ7kNvgFg5dXU&amp;_nc_zt=23&amp;_nc_ht=scontent-ams2-1.cdninstagram.com&amp;edm=ANo9K5cEAAAA&amp;_nc_gid=Ah-sY7ILmCstvXZdHlyu8GN&amp;oh=00_AYA8f1C9zqcut4CR9UyydC3OcKlWb-3oe3_pwnoburpdzg&amp;oe=675623A5&quot;}\">\n\t\t\t<span class=\"sbi-screenreader\">9 November at 17.00 SPORTA 2 quarter Liel<\/span>\n\t\t\t\t\t\t\t\t\t<img decoding=\"async\" src=\"https:\/\/www.rigasacappellafestivals.lv\/wp-content\/plugins\/instagram-feed\/img\/placeholder.png\" alt=\"9. novembr\u012b plkst. 17.00 SPORTA\u00a02 kvart\u0101la Lielaj\u0101 z\u0101l\u0113\u00a0notiks R\u012bgas Ekonomikas augstskolas kora 30 gadu jubilejas koncerts. \u0160aj\u0101 \u012bpa\u0161aj\u0101 pas\u0101kum\u0101 koris uzst\u0101sies kop\u0101 komponistu U\u0123i Prauli\u0146u un postfolkloras grupu \u201cKaligo\u201d. Koncertu vad\u012bs diri\u0123enti Lauris Goss un Laura Godi\u0146a. Klaus\u012bt\u0101jiem b\u016bs iesp\u0113ja izbaud\u012bt da\u017e\u0101du m\u016bzikas \u017eanru sapl\u016b\u0161anu un svin\u0113t kora tr\u012bsdesmit gadu muzik\u0101lo ce\u013cojumu.Bi\u013cetes: bezrindas.lv\" aria-hidden=\"true\">\n\t\t<\/a>\n\t<\/div>\n<\/div><div class=\"sbi_item sbi_type_video sbi_new sbi_transition\"\n\tid=\"sbi_18020528651290971\" data-date=\"1729793751\">\n\t<div class=\"sbi_photo_wrap\">\n\t\t<a class=\"sbi_photo\" href=\"https:\/\/www.instagram.com\/reel\/DBhDsgRi88c\/\" target=\"_blank\" rel=\"noopener nofollow\"\n\t\t\tdata-full-res=\"https:\/\/scontent-ams2-1.cdninstagram.com\/v\/t51.75761-15\/464261221_18376553068102846_757694501267939077_n.jpg?_nc_cat=100&#038;ccb=1-7&#038;_nc_sid=18de74&#038;_nc_ohc=1KOakuqzk5sQ7kNvgGJfd3Y&#038;_nc_zt=23&#038;_nc_ht=scontent-ams2-1.cdninstagram.com&#038;edm=ANo9K5cEAAAA&#038;_nc_gid=Ah-sY7ILmCstvXZdHlyu8GN&#038;oh=00_AYBmPU33eul6hzufXtxhv5xK_SsBmSt4NZe2iG9SbpwUPA&#038;oe=675629AA\"\n\t\t\tdata-img-src-set=\"{&quot;d&quot;:&quot;https:\\\/\\\/scontent-ams2-1.cdninstagram.com\\\/v\\\/t51.75761-15\\\/464261221_18376553068102846_757694501267939077_n.jpg?_nc_cat=100&amp;ccb=1-7&amp;_nc_sid=18de74&amp;_nc_ohc=1KOakuqzk5sQ7kNvgGJfd3Y&amp;_nc_zt=23&amp;_nc_ht=scontent-ams2-1.cdninstagram.com&amp;edm=ANo9K5cEAAAA&amp;_nc_gid=Ah-sY7ILmCstvXZdHlyu8GN&amp;oh=00_AYBmPU33eul6hzufXtxhv5xK_SsBmSt4NZe2iG9SbpwUPA&amp;oe=675629AA&quot;,&quot;150&quot;:&quot;https:\\\/\\\/scontent-ams2-1.cdninstagram.com\\\/v\\\/t51.75761-15\\\/464261221_18376553068102846_757694501267939077_n.jpg?_nc_cat=100&amp;ccb=1-7&amp;_nc_sid=18de74&amp;_nc_ohc=1KOakuqzk5sQ7kNvgGJfd3Y&amp;_nc_zt=23&amp;_nc_ht=scontent-ams2-1.cdninstagram.com&amp;edm=ANo9K5cEAAAA&amp;_nc_gid=Ah-sY7ILmCstvXZdHlyu8GN&amp;oh=00_AYBmPU33eul6hzufXtxhv5xK_SsBmSt4NZe2iG9SbpwUPA&amp;oe=675629AA&quot;,&quot;320&quot;:&quot;https:\\\/\\\/scontent-ams2-1.cdninstagram.com\\\/v\\\/t51.75761-15\\\/464261221_18376553068102846_757694501267939077_n.jpg?_nc_cat=100&amp;ccb=1-7&amp;_nc_sid=18de74&amp;_nc_ohc=1KOakuqzk5sQ7kNvgGJfd3Y&amp;_nc_zt=23&amp;_nc_ht=scontent-ams2-1.cdninstagram.com&amp;edm=ANo9K5cEAAAA&amp;_nc_gid=Ah-sY7ILmCstvXZdHlyu8GN&amp;oh=00_AYBmPU33eul6hzufXtxhv5xK_SsBmSt4NZe2iG9SbpwUPA&amp;oe=675629AA&quot;,&quot;640&quot;:&quot;https:\\\/\\\/scontent-ams2-1.cdninstagram.com\\\/v\\\/t51.75761-15\\\/464261221_18376553068102846_757694501267939077_n.jpg?_nc_cat=100&amp;ccb=1-7&amp;_nc_sid=18de74&amp;_nc_ohc=1KOakuqzk5sQ7kNvgGJfd3Y&amp;_nc_zt=23&amp;_nc_ht=scontent-ams2-1.cdninstagram.com&amp;edm=ANo9K5cEAAAA&amp;_nc_gid=Ah-sY7ILmCstvXZdHlyu8GN&amp;oh=00_AYBmPU33eul6hzufXtxhv5xK_SsBmSt4NZe2iG9SbpwUPA&amp;oe=675629AA&quot;}\">\n\t\t\t<span class=\"sbi-screenreader\">7 November at 19.00 SPORTA 2 Quarter Large<\/span>\n\t\t\t\t\t\t<svg style=\"color: rgba(255,255,255,1)\" class=\"svg-inline--fa fa-play fa-w-14 sbi_playbtn\" aria-label=\"Play\" aria-hidden=\"true\" data-fa-processed=\"\" data-prefix=\"fa\" data-icon=\"play\" role=\"presentation\" xmlns=\"http:\/\/www.w3.org\/2000\/svg\" viewbox=\"0 0 448 512\"><path fill=\"currentColor\" d=\"M424.4 214.7L72.4 6.6C43.8-10.3 0 6.1 0 47.9V464c0 37.5 40.7 60.1 72.4 41.3l352-208c31.4-18.5 31.5-64.1 0-82.6z\"><\/path><\/svg>\t\t\t<img decoding=\"async\" src=\"https:\/\/www.rigasacappellafestivals.lv\/wp-content\/plugins\/instagram-feed\/img\/placeholder.png\" alt=\"7. novembr\u012b plkst. 19.00 SPORTA 2 kvart\u0101la Lielaj\u0101 z\u0101l\u0113 Latvijas Radio koris, dejas m\u0101ksliniece Liliju Liporu un diri\u0123ents Sigvards K\u013cava pirmatska\u0146os glezniecisku ska\u0146u un kust\u012bbu programmu \u201cSarunas bez v\u0101rdiem\u201d.\u00a0Par gaid\u0101mo notikumu, sirds m\u016bziku un \u0137erme\u0146a valodu, kas rada interesantu un aizraujo\u0161u piedz\u012bvojumu st\u0101sta diri\u0123ents Sigvards K\u013cava un dejas m\u0101ksliniece Lilija Lipora &gt;\u00a0Bi\u013cetes: rigasacappellafestivals.lv#rigasacappellafestivals #newchoralsounds\" aria-hidden=\"true\">\n\t\t<\/a>\n\t<\/div>\n<\/div><div class=\"sbi_item sbi_type_carousel sbi_new sbi_transition\"\n\tid=\"sbi_18045575717307915\" data-date=\"1729524457\">\n\t<div class=\"sbi_photo_wrap\">\n\t\t<a class=\"sbi_photo\" href=\"https:\/\/www.instagram.com\/p\/DBZCWPtisPa\/\" target=\"_blank\" rel=\"noopener nofollow\"\n\t\t\tdata-full-res=\"https:\/\/scontent-ams4-1.cdninstagram.com\/v\/t51.75761-15\/463985475_18376086082102846_2913148893194085129_n.jpg?_nc_cat=110&#038;ccb=1-7&#038;_nc_sid=18de74&#038;_nc_ohc=Z4y24fEUFS0Q7kNvgHeOc9a&#038;_nc_zt=23&#038;_nc_ht=scontent-ams4-1.cdninstagram.com&#038;edm=ANo9K5cEAAAA&#038;_nc_gid=Ah-sY7ILmCstvXZdHlyu8GN&#038;oh=00_AYD3MCX_-miUNd7d0UICnfU6t3yJvJNSbs92JTqn1i58SA&#038;oe=675628FF\"\n\t\t\tdata-img-src-set=\"{&quot;d&quot;:&quot;https:\\\/\\\/scontent-ams4-1.cdninstagram.com\\\/v\\\/t51.75761-15\\\/463985475_18376086082102846_2913148893194085129_n.jpg?_nc_cat=110&amp;ccb=1-7&amp;_nc_sid=18de74&amp;_nc_ohc=Z4y24fEUFS0Q7kNvgHeOc9a&amp;_nc_zt=23&amp;_nc_ht=scontent-ams4-1.cdninstagram.com&amp;edm=ANo9K5cEAAAA&amp;_nc_gid=Ah-sY7ILmCstvXZdHlyu8GN&amp;oh=00_AYD3MCX_-miUNd7d0UICnfU6t3yJvJNSbs92JTqn1i58SA&amp;oe=675628FF&quot;,&quot;150&quot;:&quot;https:\\\/\\\/scontent-ams4-1.cdninstagram.com\\\/v\\\/t51.75761-15\\\/463985475_18376086082102846_2913148893194085129_n.jpg?_nc_cat=110&amp;ccb=1-7&amp;_nc_sid=18de74&amp;_nc_ohc=Z4y24fEUFS0Q7kNvgHeOc9a&amp;_nc_zt=23&amp;_nc_ht=scontent-ams4-1.cdninstagram.com&amp;edm=ANo9K5cEAAAA&amp;_nc_gid=Ah-sY7ILmCstvXZdHlyu8GN&amp;oh=00_AYD3MCX_-miUNd7d0UICnfU6t3yJvJNSbs92JTqn1i58SA&amp;oe=675628FF&quot;,&quot;320&quot;:&quot;https:\\\/\\\/scontent-ams4-1.cdninstagram.com\\\/v\\\/t51.75761-15\\\/463985475_18376086082102846_2913148893194085129_n.jpg?_nc_cat=110&amp;ccb=1-7&amp;_nc_sid=18de74&amp;_nc_ohc=Z4y24fEUFS0Q7kNvgHeOc9a&amp;_nc_zt=23&amp;_nc_ht=scontent-ams4-1.cdninstagram.com&amp;edm=ANo9K5cEAAAA&amp;_nc_gid=Ah-sY7ILmCstvXZdHlyu8GN&amp;oh=00_AYD3MCX_-miUNd7d0UICnfU6t3yJvJNSbs92JTqn1i58SA&amp;oe=675628FF&quot;,&quot;640&quot;:&quot;https:\\\/\\\/scontent-ams4-1.cdninstagram.com\\\/v\\\/t51.75761-15\\\/463985475_18376086082102846_2913148893194085129_n.jpg?_nc_cat=110&amp;ccb=1-7&amp;_nc_sid=18de74&amp;_nc_ohc=Z4y24fEUFS0Q7kNvgHeOc9a&amp;_nc_zt=23&amp;_nc_ht=scontent-ams4-1.cdninstagram.com&amp;edm=ANo9K5cEAAAA&amp;_nc_gid=Ah-sY7ILmCstvXZdHlyu8GN&amp;oh=00_AYD3MCX_-miUNd7d0UICnfU6t3yJvJNSbs92JTqn1i58SA&amp;oe=675628FF&quot;}\">\n\t\t\t<span class=\"sbi-screenreader\">Riga A Cappella Festival with a new motto N<\/span>\n\t\t\t<svg class=\"svg-inline--fa fa-clone fa-w-16 sbi_lightbox_carousel_icon\" aria-hidden=\"true\" aria-label=\"Clone\" data-fa-pro\u0192cessed=\"\" data-prefix=\"far\" data-icon=\"clone\" role=\"img\" xmlns=\"http:\/\/www.w3.org\/2000\/svg\" viewbox=\"0 0 512 512\">\n                    <path fill=\"currentColor\" d=\"M464 0H144c-26.51 0-48 21.49-48 48v48H48c-26.51 0-48 21.49-48 48v320c0 26.51 21.49 48 48 48h320c26.51 0 48-21.49 48-48v-48h48c26.51 0 48-21.49 48-48V48c0-26.51-21.49-48-48-48zM362 464H54a6 6 0 0 1-6-6V150a6 6 0 0 1 6-6h42v224c0 26.51 21.49 48 48 48h224v42a6 6 0 0 1-6 6zm96-96H150a6 6 0 0 1-6-6V54a6 6 0 0 1 6-6h308a6 6 0 0 1 6 6v308a6 6 0 0 1-6 6z\"><\/path>\n                <\/svg>\t\t\t\t\t\t<img decoding=\"async\" src=\"https:\/\/www.rigasacappellafestivals.lv\/wp-content\/plugins\/instagram-feed\/img\/placeholder.png\" alt=\"R\u012bgas A Cappella festiv\u0101ls ar jaunu vadmot\u012bvu New Choral Sounds (Jaun\u0101s kora ska\u0146as) no 6. l\u012bdz 9. novembrim norisin\u0101sies SPORTA 2 kvart\u0101la Lielaj\u0101 z\u0101l\u0113.Tiks pirmatska\u0146oti jauni ska\u0146darbi un jaunas programmas, noz\u012bm\u012bga vieta tiks ier\u0101d\u012bta unik\u0101liem m\u016bzikas projektiem un novatoriskiem m\u016bzikas atska\u0146ojumiem.Vair\u0101k &gt; rigasacappellafestivals.lv#newchoralsounds #rigasacappellafestivals\" aria-hidden=\"true\">\n\t\t<\/a>\n\t<\/div>\n<\/div><div class=\"sbi_item sbi_type_video sbi_new sbi_transition\"\n\tid=\"sbi_17889503085099237\" data-date=\"1729522361\">\n\t<div class=\"sbi_photo_wrap\">\n\t\t<a class=\"sbi_photo\" href=\"https:\/\/www.instagram.com\/reel\/DBY-DCSibOL\/\" target=\"_blank\" rel=\"noopener nofollow\"\n\t\t\tdata-full-res=\"https:\/\/scontent-ams2-1.cdninstagram.com\/v\/t51.75761-15\/463977177_18376081609102846_1715373232499051055_n.jpg?_nc_cat=104&#038;ccb=1-7&#038;_nc_sid=18de74&#038;_nc_ohc=wDmPDjF_ed4Q7kNvgEck6SN&#038;_nc_zt=23&#038;_nc_ht=scontent-ams2-1.cdninstagram.com&#038;edm=ANo9K5cEAAAA&#038;_nc_gid=Ah-sY7ILmCstvXZdHlyu8GN&#038;oh=00_AYDIIn198sepxapo-Bt8EL5HQpIi_LRRXoYBi317pvBXHQ&#038;oe=67563EAB\"\n\t\t\tdata-img-src-set=\"{&quot;d&quot;:&quot;https:\\\/\\\/scontent-ams2-1.cdninstagram.com\\\/v\\\/t51.75761-15\\\/463977177_18376081609102846_1715373232499051055_n.jpg?_nc_cat=104&amp;ccb=1-7&amp;_nc_sid=18de74&amp;_nc_ohc=wDmPDjF_ed4Q7kNvgEck6SN&amp;_nc_zt=23&amp;_nc_ht=scontent-ams2-1.cdninstagram.com&amp;edm=ANo9K5cEAAAA&amp;_nc_gid=Ah-sY7ILmCstvXZdHlyu8GN&amp;oh=00_AYDIIn198sepxapo-Bt8EL5HQpIi_LRRXoYBi317pvBXHQ&amp;oe=67563EAB&quot;,&quot;150&quot;:&quot;https:\\\/\\\/scontent-ams2-1.cdninstagram.com\\\/v\\\/t51.75761-15\\\/463977177_18376081609102846_1715373232499051055_n.jpg?_nc_cat=104&amp;ccb=1-7&amp;_nc_sid=18de74&amp;_nc_ohc=wDmPDjF_ed4Q7kNvgEck6SN&amp;_nc_zt=23&amp;_nc_ht=scontent-ams2-1.cdninstagram.com&amp;edm=ANo9K5cEAAAA&amp;_nc_gid=Ah-sY7ILmCstvXZdHlyu8GN&amp;oh=00_AYDIIn198sepxapo-Bt8EL5HQpIi_LRRXoYBi317pvBXHQ&amp;oe=67563EAB&quot;,&quot;320&quot;:&quot;https:\\\/\\\/scontent-ams2-1.cdninstagram.com\\\/v\\\/t51.75761-15\\\/463977177_18376081609102846_1715373232499051055_n.jpg?_nc_cat=104&amp;ccb=1-7&amp;_nc_sid=18de74&amp;_nc_ohc=wDmPDjF_ed4Q7kNvgEck6SN&amp;_nc_zt=23&amp;_nc_ht=scontent-ams2-1.cdninstagram.com&amp;edm=ANo9K5cEAAAA&amp;_nc_gid=Ah-sY7ILmCstvXZdHlyu8GN&amp;oh=00_AYDIIn198sepxapo-Bt8EL5HQpIi_LRRXoYBi317pvBXHQ&amp;oe=67563EAB&quot;,&quot;640&quot;:&quot;https:\\\/\\\/scontent-ams2-1.cdninstagram.com\\\/v\\\/t51.75761-15\\\/463977177_18376081609102846_1715373232499051055_n.jpg?_nc_cat=104&amp;ccb=1-7&amp;_nc_sid=18de74&amp;_nc_ohc=wDmPDjF_ed4Q7kNvgEck6SN&amp;_nc_zt=23&amp;_nc_ht=scontent-ams2-1.cdninstagram.com&amp;edm=ANo9K5cEAAAA&amp;_nc_gid=Ah-sY7ILmCstvXZdHlyu8GN&amp;oh=00_AYDIIn198sepxapo-Bt8EL5HQpIi_LRRXoYBi317pvBXHQ&amp;oe=67563EAB&quot;}\">\n\t\t\t<span class=\"sbi-screenreader\">7 November at 19.00 SPORTA 2 Quarter Large<\/span>\n\t\t\t\t\t\t<svg style=\"color: rgba(255,255,255,1)\" class=\"svg-inline--fa fa-play fa-w-14 sbi_playbtn\" aria-label=\"Play\" aria-hidden=\"true\" data-fa-processed=\"\" data-prefix=\"fa\" data-icon=\"play\" role=\"presentation\" xmlns=\"http:\/\/www.w3.org\/2000\/svg\" viewbox=\"0 0 448 512\"><path fill=\"currentColor\" d=\"M424.4 214.7L72.4 6.6C43.8-10.3 0 6.1 0 47.9V464c0 37.5 40.7 60.1 72.4 41.3l352-208c31.4-18.5 31.5-64.1 0-82.6z\"><\/path><\/svg>\t\t\t<img decoding=\"async\" src=\"https:\/\/www.rigasacappellafestivals.lv\/wp-content\/plugins\/instagram-feed\/img\/placeholder.png\" alt=\"7. novembr\u012b plkst. 19.00 SPORTA 2 kvart\u0101la Lielaj\u0101 z\u0101l\u0113 Latvijas Radio koris, dejas m\u0101ksliniece Lilija Lipora un diri\u0123ents Sigvards K\u013cava aicin\u0101s ce\u013cojum\u0101 glezniecisku ska\u0146u un kust\u012bbu pasaul\u0113, kuru rada, veido unik\u0101l\u0101kie un piln\u012bg\u0101kie instrumenti \u2014 cilv\u0113ka balss un cilv\u0113ka \u0137ermenis.Bi\u013cetes un pla\u0161\u0101ka inform\u0101cija: rigasacappellafestivals.lv#rigasacappellafestivals #newchoralsounds #sporta2\" aria-hidden=\"true\">\n\t\t<\/a>\n\t<\/div>\n<\/div><div class=\"sbi_item sbi_type_carousel sbi_new sbi_transition\"\n\tid=\"sbi_18058481512758584\" data-date=\"1728595596\">\n\t<div class=\"sbi_photo_wrap\">\n\t\t<a class=\"sbi_photo\" href=\"https:\/\/www.instagram.com\/p\/DA9Wr27C1VC\/\" target=\"_blank\" rel=\"noopener nofollow\"\n\t\t\tdata-full-res=\"https:\/\/scontent-ams4-1.cdninstagram.com\/v\/t39.30808-6\/462386612_18374406763102846_197967250621559758_n.jpg?_nc_cat=105&#038;ccb=1-7&#038;_nc_sid=18de74&#038;_nc_ohc=CUjbcl74pRcQ7kNvgGm3shr&#038;_nc_zt=23&#038;_nc_ht=scontent-ams4-1.cdninstagram.com&#038;edm=ANo9K5cEAAAA&#038;_nc_gid=Ah-sY7ILmCstvXZdHlyu8GN&#038;oh=00_AYAYpln_bF_Ko-Z2h-AoEwTUdubbPpvyzDkIscbt22LFGg&#038;oe=67564144\"\n\t\t\tdata-img-src-set=\"{&quot;d&quot;:&quot;https:\\\/\\\/scontent-ams4-1.cdninstagram.com\\\/v\\\/t39.30808-6\\\/462386612_18374406763102846_197967250621559758_n.jpg?_nc_cat=105&amp;ccb=1-7&amp;_nc_sid=18de74&amp;_nc_ohc=CUjbcl74pRcQ7kNvgGm3shr&amp;_nc_zt=23&amp;_nc_ht=scontent-ams4-1.cdninstagram.com&amp;edm=ANo9K5cEAAAA&amp;_nc_gid=Ah-sY7ILmCstvXZdHlyu8GN&amp;oh=00_AYAYpln_bF_Ko-Z2h-AoEwTUdubbPpvyzDkIscbt22LFGg&amp;oe=67564144&quot;,&quot;150&quot;:&quot;https:\\\/\\\/scontent-ams4-1.cdninstagram.com\\\/v\\\/t39.30808-6\\\/462386612_18374406763102846_197967250621559758_n.jpg?_nc_cat=105&amp;ccb=1-7&amp;_nc_sid=18de74&amp;_nc_ohc=CUjbcl74pRcQ7kNvgGm3shr&amp;_nc_zt=23&amp;_nc_ht=scontent-ams4-1.cdninstagram.com&amp;edm=ANo9K5cEAAAA&amp;_nc_gid=Ah-sY7ILmCstvXZdHlyu8GN&amp;oh=00_AYAYpln_bF_Ko-Z2h-AoEwTUdubbPpvyzDkIscbt22LFGg&amp;oe=67564144&quot;,&quot;320&quot;:&quot;https:\\\/\\\/scontent-ams4-1.cdninstagram.com\\\/v\\\/t39.30808-6\\\/462386612_18374406763102846_197967250621559758_n.jpg?_nc_cat=105&amp;ccb=1-7&amp;_nc_sid=18de74&amp;_nc_ohc=CUjbcl74pRcQ7kNvgGm3shr&amp;_nc_zt=23&amp;_nc_ht=scontent-ams4-1.cdninstagram.com&amp;edm=ANo9K5cEAAAA&amp;_nc_gid=Ah-sY7ILmCstvXZdHlyu8GN&amp;oh=00_AYAYpln_bF_Ko-Z2h-AoEwTUdubbPpvyzDkIscbt22LFGg&amp;oe=67564144&quot;,&quot;640&quot;:&quot;https:\\\/\\\/scontent-ams4-1.cdninstagram.com\\\/v\\\/t39.30808-6\\\/462386612_18374406763102846_197967250621559758_n.jpg?_nc_cat=105&amp;ccb=1-7&amp;_nc_sid=18de74&amp;_nc_ohc=CUjbcl74pRcQ7kNvgGm3shr&amp;_nc_zt=23&amp;_nc_ht=scontent-ams4-1.cdninstagram.com&amp;edm=ANo9K5cEAAAA&amp;_nc_gid=Ah-sY7ILmCstvXZdHlyu8GN&amp;oh=00_AYAYpln_bF_Ko-Z2h-AoEwTUdubbPpvyzDkIscbt22LFGg&amp;oe=67564144&quot;}\">\n\t\t\t<span class=\"sbi-screenreader\">7 November at 19.00 SPORTA 2 Quarter Large<\/span>\n\t\t\t<svg class=\"svg-inline--fa fa-clone fa-w-16 sbi_lightbox_carousel_icon\" aria-hidden=\"true\" aria-label=\"Clone\" data-fa-pro\u0192cessed=\"\" data-prefix=\"far\" data-icon=\"clone\" role=\"img\" xmlns=\"http:\/\/www.w3.org\/2000\/svg\" viewbox=\"0 0 512 512\">\n                    <path fill=\"currentColor\" d=\"M464 0H144c-26.51 0-48 21.49-48 48v48H48c-26.51 0-48 21.49-48 48v320c0 26.51 21.49 48 48 48h320c26.51 0 48-21.49 48-48v-48h48c26.51 0 48-21.49 48-48V48c0-26.51-21.49-48-48-48zM362 464H54a6 6 0 0 1-6-6V150a6 6 0 0 1 6-6h42v224c0 26.51 21.49 48 48 48h224v42a6 6 0 0 1-6 6zm96-96H150a6 6 0 0 1-6-6V54a6 6 0 0 1 6-6h308a6 6 0 0 1 6 6v308a6 6 0 0 1-6 6z\"><\/path>\n                <\/svg>\t\t\t\t\t\t<img decoding=\"async\" src=\"https:\/\/www.rigasacappellafestivals.lv\/wp-content\/plugins\/instagram-feed\/img\/placeholder.png\" alt=\"7. novembr\u012b plkst. 19.00 SPORTA 2 kvart\u0101la Lielaj\u0101 z\u0101l\u0113 Latvijas Radio koris, dejas m\u0101ksliniece Lilija Lipora un diri\u0123ents Sigvards K\u013cava pirmatska\u0146os jaunu programmu Sarunas bez v\u0101rdiem.Bi\u013cetes un vair\u0101k par notikumu: rigasacappellafestivals.lv#newchoralsounds #rigasacappellafestivals\" aria-hidden=\"true\">\n\t\t<\/a>\n\t<\/div>\n<\/div><div class=\"sbi_item sbi_type_carousel sbi_new sbi_transition\"\n\tid=\"sbi_18039876446504712\" data-date=\"1726606935\">\n\t<div class=\"sbi_photo_wrap\">\n\t\t<a class=\"sbi_photo\" href=\"https:\/\/www.instagram.com\/p\/DACFnYXiztn\/\" target=\"_blank\" rel=\"noopener nofollow\"\n\t\t\tdata-full-res=\"https:\/\/scontent-ams2-1.cdninstagram.com\/v\/t39.30808-6\/459407327_18370939948102846_5257808523992647433_n.jpg?_nc_cat=111&#038;ccb=1-7&#038;_nc_sid=18de74&#038;_nc_ohc=QtTDVkb0MxMQ7kNvgEUdmhh&#038;_nc_zt=23&#038;_nc_ht=scontent-ams2-1.cdninstagram.com&#038;edm=ANo9K5cEAAAA&#038;_nc_gid=Ah-sY7ILmCstvXZdHlyu8GN&#038;oh=00_AYDgY8zjApAijxdmjRepnfrY2s1EG3hKF6UVRSXdC5j-oQ&#038;oe=67560B6A\"\n\t\t\tdata-img-src-set=\"{&quot;d&quot;:&quot;https:\\\/\\\/scontent-ams2-1.cdninstagram.com\\\/v\\\/t39.30808-6\\\/459407327_18370939948102846_5257808523992647433_n.jpg?_nc_cat=111&amp;ccb=1-7&amp;_nc_sid=18de74&amp;_nc_ohc=QtTDVkb0MxMQ7kNvgEUdmhh&amp;_nc_zt=23&amp;_nc_ht=scontent-ams2-1.cdninstagram.com&amp;edm=ANo9K5cEAAAA&amp;_nc_gid=Ah-sY7ILmCstvXZdHlyu8GN&amp;oh=00_AYDgY8zjApAijxdmjRepnfrY2s1EG3hKF6UVRSXdC5j-oQ&amp;oe=67560B6A&quot;,&quot;150&quot;:&quot;https:\\\/\\\/scontent-ams2-1.cdninstagram.com\\\/v\\\/t39.30808-6\\\/459407327_18370939948102846_5257808523992647433_n.jpg?_nc_cat=111&amp;ccb=1-7&amp;_nc_sid=18de74&amp;_nc_ohc=QtTDVkb0MxMQ7kNvgEUdmhh&amp;_nc_zt=23&amp;_nc_ht=scontent-ams2-1.cdninstagram.com&amp;edm=ANo9K5cEAAAA&amp;_nc_gid=Ah-sY7ILmCstvXZdHlyu8GN&amp;oh=00_AYDgY8zjApAijxdmjRepnfrY2s1EG3hKF6UVRSXdC5j-oQ&amp;oe=67560B6A&quot;,&quot;320&quot;:&quot;https:\\\/\\\/scontent-ams2-1.cdninstagram.com\\\/v\\\/t39.30808-6\\\/459407327_18370939948102846_5257808523992647433_n.jpg?_nc_cat=111&amp;ccb=1-7&amp;_nc_sid=18de74&amp;_nc_ohc=QtTDVkb0MxMQ7kNvgEUdmhh&amp;_nc_zt=23&amp;_nc_ht=scontent-ams2-1.cdninstagram.com&amp;edm=ANo9K5cEAAAA&amp;_nc_gid=Ah-sY7ILmCstvXZdHlyu8GN&amp;oh=00_AYDgY8zjApAijxdmjRepnfrY2s1EG3hKF6UVRSXdC5j-oQ&amp;oe=67560B6A&quot;,&quot;640&quot;:&quot;https:\\\/\\\/scontent-ams2-1.cdninstagram.com\\\/v\\\/t39.30808-6\\\/459407327_18370939948102846_5257808523992647433_n.jpg?_nc_cat=111&amp;ccb=1-7&amp;_nc_sid=18de74&amp;_nc_ohc=QtTDVkb0MxMQ7kNvgEUdmhh&amp;_nc_zt=23&amp;_nc_ht=scontent-ams2-1.cdninstagram.com&amp;edm=ANo9K5cEAAAA&amp;_nc_gid=Ah-sY7ILmCstvXZdHlyu8GN&amp;oh=00_AYDgY8zjApAijxdmjRepnfrY2s1EG3hKF6UVRSXdC5j-oQ&amp;oe=67560B6A&quot;}\">\n\t\t\t<span class=\"sbi-screenreader\">Riga A Capp from 6 to 9 November 2024<\/span>\n\t\t\t<svg class=\"svg-inline--fa fa-clone fa-w-16 sbi_lightbox_carousel_icon\" aria-hidden=\"true\" aria-label=\"Clone\" data-fa-pro\u0192cessed=\"\" data-prefix=\"far\" data-icon=\"clone\" role=\"img\" xmlns=\"http:\/\/www.w3.org\/2000\/svg\" viewbox=\"0 0 512 512\">\n                    <path fill=\"currentColor\" d=\"M464 0H144c-26.51 0-48 21.49-48 48v48H48c-26.51 0-48 21.49-48 48v320c0 26.51 21.49 48 48 48h320c26.51 0 48-21.49 48-48v-48h48c26.51 0 48-21.49 48-48V48c0-26.51-21.49-48-48-48zM362 464H54a6 6 0 0 1-6-6V150a6 6 0 0 1 6-6h42v224c0 26.51 21.49 48 48 48h224v42a6 6 0 0 1-6 6zm96-96H150a6 6 0 0 1-6-6V54a6 6 0 0 1 6-6h308a6 6 0 0 1 6 6v308a6 6 0 0 1-6 6z\"><\/path>\n                <\/svg>\t\t\t\t\t\t<img decoding=\"async\" src=\"https:\/\/www.rigasacappellafestivals.lv\/wp-content\/plugins\/instagram-feed\/img\/placeholder.png\" alt=\"2024. gad\u0101 no 6. l\u012bdz 9. novembrim R\u012bgas A Cappella festiv\u0101ls norisin\u0101sies ar jaunu vadmot\u012bvu New Choral Sounds (Jaun\u0101s kora ska\u0146as). Tiks pirmatska\u0146oti jauni ska\u0146darbi un jaunas programmas, noz\u012bm\u012bga vieta tiks ier\u0101d\u012bta unik\u0101liem m\u016bzikas projektiem un novatoriskiem m\u016bzikas atska\u0146ojumiem. Galven\u0101s festiv\u0101la norises un koncerti notiks Sporta 2 kvart\u0101la Lielaj\u0101 z\u0101l\u0113. Vair\u0101k &gt; rigasacappellafestivals.lv\" aria-hidden=\"true\">\n\t\t<\/a>\n\t<\/div>\n<\/div>\t<\/div>\n\n\t<div id=\"sbi_load\" >\n\n\t\t\t<button class=\"sbi_load_btn\"\n\t\t\ttype=\"button\" >\n\t\t\t<span class=\"sbi_btn_text\" >Load More...<\/span>\n\t\t\t<span class=\"sbi_loader sbi_hidden\" style=\"background-color: rgb(255, 255, 255);\" aria-hidden=\"true\"><\/span>\n\t\t<\/button>\n\t\n\t\t\t<span class=\"sbi_follow_btn\" >\n\t\t\t<a target=\"_blank\"\n\t\t\t\trel=\"nofollow noopener\"  href=\"https:\/\/www.instagram.com\/rigasacappellafestivals\/\">\n\t\t\t\t<svg class=\"svg-inline--fa fa-instagram fa-w-14\" aria-hidden=\"true\" data-fa-processed=\"\" aria-label=\"Instagram\" data-prefix=\"fab\" data-icon=\"instagram\" role=\"img\" viewbox=\"0 0 448 512\">\n                    <path fill=\"currentColor\" d=\"M224.1 141c-63.6 0-114.9 51.3-114.9 114.9s51.3 114.9 114.9 114.9S339 319.5 339 255.9 287.7 141 224.1 141zm0 189.6c-41.1 0-74.7-33.5-74.7-74.7s33.5-74.7 74.7-74.7 74.7 33.5 74.7 74.7-33.6 74.7-74.7 74.7zm146.4-194.3c0 14.9-12 26.8-26.8 26.8-14.9 0-26.8-12-26.8-26.8s12-26.8 26.8-26.8 26.8 12 26.8 26.8zm76.1 27.2c-1.7-35.9-9.9-67.7-36.2-93.9-26.2-26.2-58-34.4-93.9-36.2-37-2.1-147.9-2.1-184.9 0-35.8 1.7-67.6 9.9-93.9 36.1s-34.4 58-36.2 93.9c-2.1 37-2.1 147.9 0 184.9 1.7 35.9 9.9 67.7 36.2 93.9s58 34.4 93.9 36.2c37 2.1 147.9 2.1 184.9 0 35.9-1.7 67.7-9.9 93.9-36.2 26.2-26.2 34.4-58 36.2-93.9 2.1-37 2.1-147.8 0-184.8zM398.8 388c-7.8 19.6-22.9 34.7-42.6 42.6-29.5 11.7-99.5 9-132.1 9s-102.7 2.6-132.1-9c-19.6-7.8-34.7-22.9-42.6-42.6-11.7-29.5-9-99.5-9-132.1s-2.6-102.7 9-132.1c7.8-19.6 22.9-34.7 42.6-42.6 29.5-11.7 99.5-9 132.1-9s102.7-2.6 132.1 9c19.6 7.8 34.7 22.9 42.6 42.6 11.7 29.5 9 99.5 9 132.1s2.7 102.7-9 132.1z\"><\/path>\n                <\/svg>\t\t\t\t<span>Follow on Instagram<\/span>\n\t\t\t<\/a>\n\t\t<\/span>\n\t\n<\/div>\n\t\t<span class=\"sbi_resized_image_data\" data-feed-id=\"sbi_17841403085375121#10\"\n\t\t  data-resized=\"{&quot;18039876446504712&quot;:{&quot;id&quot;:&quot;459407327_18370939948102846_5257808523992647433_n&quot;,&quot;ratio&quot;:&quot;0.80&quot;,&quot;sizes&quot;:{&quot;full&quot;:640,&quot;low&quot;:320,&quot;thumb&quot;:150},&quot;extension&quot;:&quot;.webp&quot;},&quot;18058481512758584&quot;:{&quot;id&quot;:&quot;462386612_18374406763102846_197967250621559758_n&quot;,&quot;ratio&quot;:&quot;0.81&quot;,&quot;sizes&quot;:{&quot;full&quot;:640,&quot;low&quot;:320,&quot;thumb&quot;:150},&quot;extension&quot;:&quot;.webp&quot;},&quot;18045575717307915&quot;:{&quot;id&quot;:&quot;463985475_18376086082102846_2913148893194085129_n&quot;,&quot;ratio&quot;:&quot;0.81&quot;,&quot;sizes&quot;:{&quot;full&quot;:640,&quot;low&quot;:320,&quot;thumb&quot;:150},&quot;extension&quot;:&quot;.webp&quot;},&quot;17889503085099237&quot;:{&quot;id&quot;:&quot;463977177_18376081609102846_1715373232499051055_n&quot;,&quot;ratio&quot;:&quot;0.56&quot;,&quot;sizes&quot;:{&quot;full&quot;:640,&quot;low&quot;:320,&quot;thumb&quot;:150},&quot;extension&quot;:&quot;.webp&quot;},&quot;18020528651290971&quot;:{&quot;id&quot;:&quot;464261221_18376553068102846_757694501267939077_n&quot;,&quot;ratio&quot;:&quot;0.56&quot;,&quot;sizes&quot;:{&quot;full&quot;:640,&quot;low&quot;:320,&quot;thumb&quot;:150},&quot;extension&quot;:&quot;.webp&quot;},&quot;18328598869149421&quot;:{&quot;id&quot;:&quot;464736332_18377203471102846_467380731296144743_n&quot;,&quot;ratio&quot;:&quot;0.81&quot;,&quot;sizes&quot;:{&quot;full&quot;:640,&quot;low&quot;:320,&quot;thumb&quot;:150},&quot;extension&quot;:&quot;.webp&quot;},&quot;18064586941678397&quot;:{&quot;id&quot;:&quot;464747515_18377348119102846_1997559854488492390_n&quot;,&quot;ratio&quot;:&quot;0.81&quot;,&quot;sizes&quot;:{&quot;full&quot;:640,&quot;low&quot;:320,&quot;thumb&quot;:150},&quot;extension&quot;:&quot;.webp&quot;},&quot;18337662091176330&quot;:{&quot;id&quot;:&quot;464907477_905185348222292_4902839293123834591_n&quot;,&quot;ratio&quot;:&quot;0.56&quot;,&quot;sizes&quot;:{&quot;full&quot;:640,&quot;low&quot;:320,&quot;thumb&quot;:150},&quot;extension&quot;:&quot;.webp&quot;},&quot;18466811755040506&quot;:{&quot;id&quot;:&quot;465088142_1285265582504766_3653862281134110891_n&quot;,&quot;ratio&quot;:&quot;0.56&quot;,&quot;sizes&quot;:{&quot;full&quot;:640,&quot;low&quot;:320,&quot;thumb&quot;:150},&quot;extension&quot;:&quot;.webp&quot;},&quot;18059971390829364&quot;:{&quot;id&quot;:&quot;464994516_1346132703029667_1282979043446824538_n&quot;,&quot;ratio&quot;:&quot;0.56&quot;,&quot;sizes&quot;:{&quot;full&quot;:640,&quot;low&quot;:320,&quot;thumb&quot;:150},&quot;extension&quot;:&quot;.webp&quot;}}\">\n\t<\/span>\n\t<\/div>\n\n<\/div><\/div><\/div><\/div><\/div><script id=\"script-row-unique-10\" data-row=\"script-row-unique-10\" type=\"text\/javascript\" class=\"vc_controls\">UNCODE.initRow(document.getElementById(\"row-unique-10\"));<\/script><\/div><\/div><\/div>\n<\/div>","protected":false},"excerpt":{"rendered":"Putek\u013cu cilv\u0113ks. Koncerts bals\u012bm un elektronikaiSeptember 21, 20231. novembr\u012b plkst. 19.00 Sporta 2 Kvart\u0101la Lielaj\u0101 z\u0101l\u0113 pirmatska\u0146ojumu piedz\u012bvos Sniedzes Prauli\u0146as [...]","protected":false},"author":1,"featured_media":65556,"parent":0,"menu_order":0,"comment_status":"closed","ping_status":"closed","template":"","meta":{"_monsterinsights_skip_tracking":false,"_monsterinsights_sitenote_active":false,"_monsterinsights_sitenote_note":"","_monsterinsights_sitenote_category":0,"_uf_show_specific_survey":0,"_uf_disable_surveys":false,"footnotes":""},"class_list":["post-73004","page","type-page","status-publish","has-post-thumbnail","hentry"],"yoast_head":"<!-- This site is optimized with the Yoast SEO plugin v26.2 - https:\/\/yoast.com\/wordpress\/plugins\/seo\/ -->\n<title>R\u012bgas A Cappella festiv\u0101ls<\/title>\n<meta name=\"description\" content=\"2024. gada R\u012bgas A Cappella festiv\u0101la jaun\u0101 programma New Choral Sounds norisin\u0101sies no 6. l\u012bdz 9. novembrim Sporta 2 kvart\u0101l\u0101\" \/>\n<meta name=\"robots\" content=\"index, follow, max-snippet:-1, max-image-preview:large, max-video-preview:-1\" \/>\n<link rel=\"canonical\" href=\"https:\/\/www.rigasacappellafestivals.lv\/en\/rigas-a-cappella-festivals-2019\/\" \/>\n<meta property=\"og:locale\" content=\"en_US\" \/>\n<meta property=\"og:type\" content=\"article\" \/>\n<meta property=\"og:title\" content=\"R\u012bgas A Cappella festiv\u0101ls\" \/>\n<meta property=\"og:description\" content=\"Izcila m\u016bzika, p\u0101rsteidzo\u0161i m\u0101kslinieki un neaizmirstams piedz\u012bvojums!\" \/>\n<meta property=\"og:url\" content=\"https:\/\/www.rigasacappellafestivals.lv\/en\/rigas-a-cappella-festivals-2019\/\" \/>\n<meta property=\"article:publisher\" content=\"https:\/\/www.facebook.com\/acappellariga\" \/>\n<meta property=\"article:modified_time\" content=\"2025-09-04T15:27:05+00:00\" \/>\n<meta property=\"og:image\" content=\"https:\/\/www.rigasacappellafestivals.lv\/wp-content\/uploads\/2017\/08\/R\u012bgas-A-Cappella-festiv\u0101ls-fb.png\" \/>\n\t<meta property=\"og:image:width\" content=\"1200\" \/>\n\t<meta property=\"og:image:height\" content=\"630\" \/>\n\t<meta property=\"og:image:type\" content=\"image\/png\" \/>\n<meta name=\"twitter:card\" content=\"summary_large_image\" \/>\n<meta name=\"twitter:title\" content=\"R\u012bgas A Cappella festiv\u0101ls\" \/>\n<meta name=\"twitter:description\" content=\"Izcila m\u016bzika, p\u0101rsteidzo\u0161i m\u0101kslinieki un neaizmirstams piedz\u012bvojums!\" \/>\n<meta name=\"twitter:image\" content=\"http:\/\/www.rigasacappellafestivals.lv\/wp-content\/uploads\/2017\/08\/R\u012bgas-A-Cappella-festiv\u0101ls-twiter.png\" \/>\n<meta name=\"twitter:site\" content=\"@acappellariga\" \/>\n<meta name=\"twitter:label1\" content=\"Est. reading time\" \/>\n\t<meta name=\"twitter:data1\" content=\"5 minutes\" \/>\n<script type=\"application\/ld+json\" class=\"yoast-schema-graph\">{\"@context\":\"https:\/\/schema.org\",\"@graph\":[{\"@type\":\"WebPage\",\"@id\":\"https:\/\/www.rigasacappellafestivals.lv\/rigas-a-cappella-festivals-2019\/\",\"url\":\"https:\/\/www.rigasacappellafestivals.lv\/rigas-a-cappella-festivals-2019\/\",\"name\":\"R\u012bgas A Cappella festiv\u0101ls\",\"isPartOf\":{\"@id\":\"https:\/\/www.rigasacappellafestivals.lv\/#website\"},\"primaryImageOfPage\":{\"@id\":\"https:\/\/www.rigasacappellafestivals.lv\/rigas-a-cappella-festivals-2019\/#primaryimage\"},\"image\":{\"@id\":\"https:\/\/www.rigasacappellafestivals.lv\/rigas-a-cappella-festivals-2019\/#primaryimage\"},\"thumbnailUrl\":\"https:\/\/www.rigasacappellafestivals.lv\/wp-content\/uploads\/2017\/08\/R\u012bgas-A-Cappella-festiv\u0101ls-fb.png\",\"datePublished\":\"2018-11-24T14:57:58+00:00\",\"dateModified\":\"2025-09-04T15:27:05+00:00\",\"description\":\"2024. gada R\u012bgas A Cappella festiv\u0101la jaun\u0101 programma New Choral Sounds norisin\u0101sies no 6. l\u012bdz 9. novembrim Sporta 2 kvart\u0101l\u0101\",\"breadcrumb\":{\"@id\":\"https:\/\/www.rigasacappellafestivals.lv\/rigas-a-cappella-festivals-2019\/#breadcrumb\"},\"inLanguage\":\"en-US\",\"potentialAction\":[{\"@type\":\"ReadAction\",\"target\":[\"https:\/\/www.rigasacappellafestivals.lv\/rigas-a-cappella-festivals-2019\/\"]}]},{\"@type\":\"ImageObject\",\"inLanguage\":\"en-US\",\"@id\":\"https:\/\/www.rigasacappellafestivals.lv\/rigas-a-cappella-festivals-2019\/#primaryimage\",\"url\":\"https:\/\/www.rigasacappellafestivals.lv\/wp-content\/uploads\/2017\/08\/R\u012bgas-A-Cappella-festiv\u0101ls-fb.png\",\"contentUrl\":\"https:\/\/www.rigasacappellafestivals.lv\/wp-content\/uploads\/2017\/08\/R\u012bgas-A-Cappella-festiv\u0101ls-fb.png\",\"width\":1200,\"height\":630},{\"@type\":\"BreadcrumbList\",\"@id\":\"https:\/\/www.rigasacappellafestivals.lv\/rigas-a-cappella-festivals-2019\/#breadcrumb\",\"itemListElement\":[{\"@type\":\"ListItem\",\"position\":1,\"name\":\"Home\",\"item\":\"https:\/\/www.rigasacappellafestivals.lv\/\"},{\"@type\":\"ListItem\",\"position\":2,\"name\":\"R\u012bgas A Cappella festiv\u0101ls &#8211; no video\"}]},{\"@type\":\"WebSite\",\"@id\":\"https:\/\/www.rigasacappellafestivals.lv\/#website\",\"url\":\"https:\/\/www.rigasacappellafestivals.lv\/\",\"name\":\"R\u012bgas A Cappella festiv\u0101ls\",\"description\":\"\",\"publisher\":{\"@id\":\"https:\/\/www.rigasacappellafestivals.lv\/#organization\"},\"potentialAction\":[{\"@type\":\"SearchAction\",\"target\":{\"@type\":\"EntryPoint\",\"urlTemplate\":\"https:\/\/www.rigasacappellafestivals.lv\/?s={search_term_string}\"},\"query-input\":{\"@type\":\"PropertyValueSpecification\",\"valueRequired\":true,\"valueName\":\"search_term_string\"}}],\"inLanguage\":\"en-US\"},{\"@type\":\"Organization\",\"@id\":\"https:\/\/www.rigasacappellafestivals.lv\/#organization\",\"name\":\"R\u012bgas A Cappella festiv\u0101ls\",\"url\":\"https:\/\/www.rigasacappellafestivals.lv\/\",\"logo\":{\"@type\":\"ImageObject\",\"inLanguage\":\"en-US\",\"@id\":\"https:\/\/www.rigasacappellafestivals.lv\/#\/schema\/logo\/image\/\",\"url\":\"https:\/\/www.rigasacappellafestivals.lv\/wp-content\/uploads\/2018\/11\/cropped-black_1-01.png\",\"contentUrl\":\"https:\/\/www.rigasacappellafestivals.lv\/wp-content\/uploads\/2018\/11\/cropped-black_1-01.png\",\"width\":512,\"height\":512,\"caption\":\"R\u012bgas A Cappella festiv\u0101ls\"},\"image\":{\"@id\":\"https:\/\/www.rigasacappellafestivals.lv\/#\/schema\/logo\/image\/\"},\"sameAs\":[\"https:\/\/www.facebook.com\/acappellariga\",\"https:\/\/x.com\/acappellariga\",\"https:\/\/www.instagram.com\/rigasacappellafestivals\/\"]}]}<\/script>\n<!-- \/ Yoast SEO plugin. -->","yoast_head_json":{"title":"R\u012bgas A Cappella festiv\u0101ls","description":"2024 Riga A Cappella Festival's new programme New Choral Sounds will take place from 6 to 9 November in the Sport 2 quarter","robots":{"index":"index","follow":"follow","max-snippet":"max-snippet:-1","max-image-preview":"max-image-preview:large","max-video-preview":"max-video-preview:-1"},"canonical":"https:\/\/www.rigasacappellafestivals.lv\/en\/rigas-a-cappella-festivals-2019\/","og_locale":"en_US","og_type":"article","og_title":"R\u012bgas A Cappella festiv\u0101ls","og_description":"Izcila m\u016bzika, p\u0101rsteidzo\u0161i m\u0101kslinieki un neaizmirstams piedz\u012bvojums!","og_url":"https:\/\/www.rigasacappellafestivals.lv\/en\/rigas-a-cappella-festivals-2019\/","article_publisher":"https:\/\/www.facebook.com\/acappellariga","article_modified_time":"2025-09-04T15:27:05+00:00","og_image":[{"width":1200,"height":630,"url":"https:\/\/www.rigasacappellafestivals.lv\/wp-content\/uploads\/2017\/08\/R\u012bgas-A-Cappella-festiv\u0101ls-fb.png","type":"image\/png"}],"twitter_card":"summary_large_image","twitter_title":"R\u012bgas A Cappella festiv\u0101ls","twitter_description":"Izcila m\u016bzika, p\u0101rsteidzo\u0161i m\u0101kslinieki un neaizmirstams piedz\u012bvojums!","twitter_image":"http:\/\/www.rigasacappellafestivals.lv\/wp-content\/uploads\/2017\/08\/R\u012bgas-A-Cappella-festiv\u0101ls-twiter.png","twitter_site":"@acappellariga","twitter_misc":{"Est. reading time":"5 minutes"},"schema":{"@context":"https:\/\/schema.org","@graph":[{"@type":"WebPage","@id":"https:\/\/www.rigasacappellafestivals.lv\/rigas-a-cappella-festivals-2019\/","url":"https:\/\/www.rigasacappellafestivals.lv\/rigas-a-cappella-festivals-2019\/","name":"R\u012bgas A Cappella festiv\u0101ls","isPartOf":{"@id":"https:\/\/www.rigasacappellafestivals.lv\/#website"},"primaryImageOfPage":{"@id":"https:\/\/www.rigasacappellafestivals.lv\/rigas-a-cappella-festivals-2019\/#primaryimage"},"image":{"@id":"https:\/\/www.rigasacappellafestivals.lv\/rigas-a-cappella-festivals-2019\/#primaryimage"},"thumbnailUrl":"https:\/\/www.rigasacappellafestivals.lv\/wp-content\/uploads\/2017\/08\/R\u012bgas-A-Cappella-festiv\u0101ls-fb.png","datePublished":"2018-11-24T14:57:58+00:00","dateModified":"2025-09-04T15:27:05+00:00","description":"2024 Riga A Cappella Festival's new programme New Choral Sounds will take place from 6 to 9 November in the Sport 2 quarter","breadcrumb":{"@id":"https:\/\/www.rigasacappellafestivals.lv\/rigas-a-cappella-festivals-2019\/#breadcrumb"},"inLanguage":"en-US","potentialAction":[{"@type":"ReadAction","target":["https:\/\/www.rigasacappellafestivals.lv\/rigas-a-cappella-festivals-2019\/"]}]},{"@type":"ImageObject","inLanguage":"en-US","@id":"https:\/\/www.rigasacappellafestivals.lv\/rigas-a-cappella-festivals-2019\/#primaryimage","url":"https:\/\/www.rigasacappellafestivals.lv\/wp-content\/uploads\/2017\/08\/R\u012bgas-A-Cappella-festiv\u0101ls-fb.png","contentUrl":"https:\/\/www.rigasacappellafestivals.lv\/wp-content\/uploads\/2017\/08\/R\u012bgas-A-Cappella-festiv\u0101ls-fb.png","width":1200,"height":630},{"@type":"BreadcrumbList","@id":"https:\/\/www.rigasacappellafestivals.lv\/rigas-a-cappella-festivals-2019\/#breadcrumb","itemListElement":[{"@type":"ListItem","position":1,"name":"Home","item":"https:\/\/www.rigasacappellafestivals.lv\/"},{"@type":"ListItem","position":2,"name":"R\u012bgas A Cappella festiv\u0101ls &#8211; no video"}]},{"@type":"WebSite","@id":"https:\/\/www.rigasacappellafestivals.lv\/#website","url":"https:\/\/www.rigasacappellafestivals.lv\/","name":"R\u012bgas A Cappella festiv\u0101ls","description":"","publisher":{"@id":"https:\/\/www.rigasacappellafestivals.lv\/#organization"},"potentialAction":[{"@type":"SearchAction","target":{"@type":"EntryPoint","urlTemplate":"https:\/\/www.rigasacappellafestivals.lv\/?s={search_term_string}"},"query-input":{"@type":"PropertyValueSpecification","valueRequired":true,"valueName":"search_term_string"}}],"inLanguage":"en-US"},{"@type":"Organization","@id":"https:\/\/www.rigasacappellafestivals.lv\/#organization","name":"R\u012bgas A Cappella festiv\u0101ls","url":"https:\/\/www.rigasacappellafestivals.lv\/","logo":{"@type":"ImageObject","inLanguage":"en-US","@id":"https:\/\/www.rigasacappellafestivals.lv\/#\/schema\/logo\/image\/","url":"https:\/\/www.rigasacappellafestivals.lv\/wp-content\/uploads\/2018\/11\/cropped-black_1-01.png","contentUrl":"https:\/\/www.rigasacappellafestivals.lv\/wp-content\/uploads\/2018\/11\/cropped-black_1-01.png","width":512,"height":512,"caption":"R\u012bgas A Cappella festiv\u0101ls"},"image":{"@id":"https:\/\/www.rigasacappellafestivals.lv\/#\/schema\/logo\/image\/"},"sameAs":["https:\/\/www.facebook.com\/acappellariga","https:\/\/x.com\/acappellariga","https:\/\/www.instagram.com\/rigasacappellafestivals\/"]}]}},"_links":{"self":[{"href":"https:\/\/www.rigasacappellafestivals.lv\/en\/wp-json\/wp\/v2\/pages\/73004","targetHints":{"allow":["GET"]}}],"collection":[{"href":"https:\/\/www.rigasacappellafestivals.lv\/en\/wp-json\/wp\/v2\/pages"}],"about":[{"href":"https:\/\/www.rigasacappellafestivals.lv\/en\/wp-json\/wp\/v2\/types\/page"}],"author":[{"embeddable":true,"href":"https:\/\/www.rigasacappellafestivals.lv\/en\/wp-json\/wp\/v2\/users\/1"}],"replies":[{"embeddable":true,"href":"https:\/\/www.rigasacappellafestivals.lv\/en\/wp-json\/wp\/v2\/comments?post=73004"}],"version-history":[{"count":286,"href":"https:\/\/www.rigasacappellafestivals.lv\/en\/wp-json\/wp\/v2\/pages\/73004\/revisions"}],"predecessor-version":[{"id":80430,"href":"https:\/\/www.rigasacappellafestivals.lv\/en\/wp-json\/wp\/v2\/pages\/73004\/revisions\/80430"}],"wp:featuredmedia":[{"embeddable":true,"href":"https:\/\/www.rigasacappellafestivals.lv\/en\/wp-json\/wp\/v2\/media\/65556"}],"wp:attachment":[{"href":"https:\/\/www.rigasacappellafestivals.lv\/en\/wp-json\/wp\/v2\/media?parent=73004"}],"curies":[{"name":"wp","href":"https:\/\/api.w.org\/{rel}","templated":true}]}}